{"id":1289,"date":"2026-04-27T20:14:04","date_gmt":"2026-04-27T20:14:04","guid":{"rendered":"https:\/\/fisioterapiacf.com\/?page_id=1289"},"modified":"2026-04-27T20:23:40","modified_gmt":"2026-04-27T20:23:40","slug":"vitalskin","status":"publish","type":"page","link":"https:\/\/fisioterapiacf.com\/ca\/servicios\/vitalskin\/","title":{"rendered":"VitalSkin"},"content":{"rendered":"<div data-elementor-type=\"wp-page\" data-elementor-id=\"1289\" class=\"elementor elementor-1289\" data-elementor-post-type=\"page\">\n\t\t\t\t\t\t<section class=\"elementor-section elementor-top-section elementor-element elementor-element-740ee353 elementor-section-full_width elementor-section-height-min-height elementor-section-height-default elementor-section-items-middle\" data-id=\"740ee353\" data-element_type=\"section\" data-e-type=\"section\" data-settings=\"{&quot;background_background&quot;:&quot;gradient&quot;}\">\n\t\t\t\t\t\t<div class=\"elementor-container elementor-column-gap-default\">\n\t\t\t\t\t<div class=\"elementor-column elementor-col-100 elementor-top-column elementor-element elementor-element-51396294 elementor-invisible\" data-id=\"51396294\" data-element_type=\"column\" data-e-type=\"column\" data-settings=\"{&quot;background_background&quot;:&quot;classic&quot;,&quot;animation&quot;:&quot;fadeInUp&quot;}\">\n\t\t\t<div class=\"elementor-widget-wrap elementor-element-populated\">\n\t\t\t\t\t\t<div class=\"elementor-element elementor-element-2e91e182 elementor-widget elementor-widget-heading\" data-id=\"2e91e182\" data-element_type=\"widget\" data-e-type=\"widget\" data-widget_type=\"heading.default\">\n\t\t\t\t<div class=\"elementor-widget-container\">\n\t\t\t\t\t<h1 class=\"elementor-heading-title elementor-size-default\">VitalSkin<\/h1>\t\t\t\t<\/div>\n\t\t\t\t<\/div>\n\t\t\t\t\t<\/div>\n\t\t<\/div>\n\t\t\t\t\t<\/div>\n\t\t<\/section>\n\t\t<div class=\"elementor-element elementor-element-87f5ea5 e-con-full e-flex e-con e-parent\" data-id=\"87f5ea5\" data-element_type=\"container\" data-e-type=\"container\">\n\t\t\t\t<div class=\"elementor-element elementor-element-d778a8b elementor-widget elementor-widget-heading\" data-id=\"d778a8b\" data-element_type=\"widget\" data-e-type=\"widget\" data-widget_type=\"heading.default\">\n\t\t\t\t<div class=\"elementor-widget-container\">\n\t\t\t\t\t<h2 class=\"elementor-heading-title elementor-size-default\">Diatermia facial<\/h2>\t\t\t\t<\/div>\n\t\t\t\t<\/div>\n\t\t\t\t<\/div>\n\t\t<div class=\"elementor-element elementor-element-823af6d e-flex e-con-boxed e-con e-parent\" data-id=\"823af6d\" data-element_type=\"container\" data-e-type=\"container\">\n\t\t\t\t\t<div class=\"e-con-inner\">\n\t\t\t\t<div class=\"elementor-element elementor-element-783451d elementor-widget elementor-widget-text-editor\" data-id=\"783451d\" data-element_type=\"widget\" data-e-type=\"widget\" data-widget_type=\"text-editor.default\">\n\t\t\t\t<div class=\"elementor-widget-container\">\n\t\t\t\t\t\t\t\t\t<p><strong>La diat\u00e8rmia \u00e9s una ter\u00e0pia cada vegada m\u00e9s utilitzada en tractaments de tipus facial, perqu\u00e8 estimula el col\u00b7lagen i l'elastina i genera m\u00e9s pres\u00e8ncia d'\u00e0cid hialur\u00f2nic a la zona tractada.\u00a0<\/strong><span id=\"more-3764\"><\/span><\/p><p>En els tractaments facials, l'objectiu \u00e9s aplicar la diat\u00e8rmia a hipert\u00e8rmia: \u00e9s a dir, el que es busca \u00e9s que el pacient experimenti una sensaci\u00f3 t\u00e8rmica alta.<\/p><p>Aquesta recerca de la hipert\u00e8rmia permetr\u00e0 estimular el col\u00b7lagen i l'elastina, captar a la zona m\u00e9s mol\u00e8cules d'aigua gr\u00e0cies a una acumulaci\u00f3 d'\u00e0cid hialur\u00f2nic m\u00e9s gran, i el drenatge de tota la zona gr\u00e0cies a l'acci\u00f3 electrol\u00edtica. A m\u00e9s, amb l'augment de la temperatura s'aconseguir\u00e0 una major vascularitzaci\u00f3 de la zona, la qual cosa comporta una major aportaci\u00f3 sangu\u00ednia que es tradueix en m\u00e9s nutrients i m\u00e9s oxigen per a la zona.<\/p>\t\t\t\t\t\t\t\t<\/div>\n\t\t\t\t<\/div>\n\t\t\t\t\t<\/div>\n\t\t\t\t<\/div>\n\t\t<div class=\"elementor-element elementor-element-09526f1 e-con-full e-flex e-con e-parent\" data-id=\"09526f1\" data-element_type=\"container\" data-e-type=\"container\">\n\t\t\t\t<div class=\"elementor-element elementor-element-eb99735 elementor-widget elementor-widget-heading\" data-id=\"eb99735\" data-element_type=\"widget\" data-e-type=\"widget\" data-widget_type=\"heading.default\">\n\t\t\t\t<div class=\"elementor-widget-container\">\n\t\t\t\t\t<h2 class=\"elementor-heading-title elementor-size-default\">Quins s\u00f3n els beneficis de la diat\u00e8rmia facial?<\/h2>\t\t\t\t<\/div>\n\t\t\t\t<\/div>\n\t\t\t\t<\/div>\n\t\t<div class=\"elementor-element elementor-element-8a368a7 e-flex e-con-boxed e-con e-parent\" data-id=\"8a368a7\" data-element_type=\"container\" data-e-type=\"container\">\n\t\t\t\t\t<div class=\"e-con-inner\">\n\t\t<div class=\"elementor-element elementor-element-a17aa46 e-con-full e-flex e-con e-child\" data-id=\"a17aa46\" data-element_type=\"container\" data-e-type=\"container\">\n\t\t\t\t<div class=\"elementor-element elementor-element-25285dd elementor-widget elementor-widget-image\" data-id=\"25285dd\" data-element_type=\"widget\" data-e-type=\"widget\" data-widget_type=\"image.default\">\n\t\t\t\t<div class=\"elementor-widget-container\">\n\t\t\t\t\t\t\t\t\t\t\t\t\t\t\t<img fetchpriority=\"high\" decoding=\"async\" width=\"683\" height=\"1024\" src=\"https:\/\/fisioterapiacf.com\/wp-content\/uploads\/2026\/04\/7877-683x1024.jpg\" class=\"attachment-large size-large wp-image-1292\" alt=\"\" srcset=\"https:\/\/fisioterapiacf.com\/wp-content\/uploads\/2026\/04\/7877-683x1024.jpg 683w, https:\/\/fisioterapiacf.com\/wp-content\/uploads\/2026\/04\/7877-200x300.jpg 200w, https:\/\/fisioterapiacf.com\/wp-content\/uploads\/2026\/04\/7877-768x1152.jpg 768w, https:\/\/fisioterapiacf.com\/wp-content\/uploads\/2026\/04\/7877-8x12.jpg 8w, https:\/\/fisioterapiacf.com\/wp-content\/uploads\/2026\/04\/7877.jpg 1000w\" sizes=\"(max-width: 683px) 100vw, 683px\" title=\"\">\t\t\t\t\t\t\t\t\t\t\t\t\t\t\t<\/div>\n\t\t\t\t<\/div>\n\t\t\t\t<\/div>\n\t\t<div class=\"elementor-element elementor-element-cda8e07 e-con-full e-flex e-con e-child\" data-id=\"cda8e07\" data-element_type=\"container\" data-e-type=\"container\">\n\t\t\t\t<div class=\"elementor-element elementor-element-79882cc elementor-widget elementor-widget-text-editor\" data-id=\"79882cc\" data-element_type=\"widget\" data-e-type=\"widget\" data-widget_type=\"text-editor.default\">\n\t\t\t\t<div class=\"elementor-widget-container\">\n\t\t\t\t\t\t\t\t\t<p>La diat\u00e8rmia facial \u00e9s un dels tractaments m\u00e9s sol\u00b7licitats en fisioter\u00e0pia est\u00e8tica pel seu efecte reafirmant i revitalitzant. Els seus principals beneficis inclouen:<\/p><p><span style=\"color: #00318d;\"><strong>Aporta lluminositat a la cara<\/strong><\/span><br \/>Activa la circulaci\u00f3 sangu\u00ednia i oxigena els teixits, cosa que millora el to de la pell i torna aquest aspecte radiant i saludable.<\/p><p><span style=\"color: #00318d;\"><strong>Redueix arrugues i l\u00ednies dexpressi\u00f3<\/strong><\/span><br \/>Estimula la producci\u00f3 de col\u00b7lagen i elastina, components essencials per a una pell m\u00e9s ferma i el\u00e0stica. Ideal per combatre els signes de l'envelliment.<\/p><p><span style=\"color: #00318d;\"><strong>\u00a0Millora la fermesa i el contorn facial<\/strong><\/span><br \/>L'acci\u00f3 profunda de la diat\u00e8rmia ajuda a tensar la pell de manera natural i progressiva, sense necessitat de procediments invasius.<\/p><p><span style=\"color: #00318d;\"><strong>Estimula la regeneraci\u00f3 cel\u00b7lular<\/strong><\/span><br \/>Afavoreix el metabolisme de les c\u00e8l\u00b7lules cut\u00e0nies, accelerant els processos naturals de reparaci\u00f3 de la pell.<\/p>\t\t\t\t\t\t\t\t<\/div>\n\t\t\t\t<\/div>\n\t\t\t\t<\/div>\n\t\t\t\t\t<\/div>\n\t\t\t\t<\/div>\n\t\t<div class=\"elementor-element elementor-element-719774b e-flex e-con-boxed e-con e-parent\" data-id=\"719774b\" data-element_type=\"container\" data-e-type=\"container\">\n\t\t\t\t\t<div class=\"e-con-inner\">\n\t\t\t\t<div class=\"elementor-element elementor-element-1960e7c elementor-widget elementor-widget-heading\" data-id=\"1960e7c\" data-element_type=\"widget\" data-e-type=\"widget\" data-widget_type=\"heading.default\">\n\t\t\t\t<div class=\"elementor-widget-container\">\n\t\t\t\t\t<h2 class=\"elementor-heading-title elementor-size-default\">Tractaments<\/h2>\t\t\t\t<\/div>\n\t\t\t\t<\/div>\n\t\t\t\t\t<\/div>\n\t\t\t\t<\/div>\n\t\t<div class=\"elementor-element elementor-element-f8357d7 e-flex e-con-boxed e-con e-parent\" data-id=\"f8357d7\" data-element_type=\"container\" data-e-type=\"container\">\n\t\t\t\t\t<div class=\"e-con-inner\">\n\t\t<div class=\"elementor-element elementor-element-a8350ff e-con-full e-flex e-con e-child\" data-id=\"a8350ff\" data-element_type=\"container\" data-e-type=\"container\">\n\t\t\t\t<div class=\"elementor-element elementor-element-4e4cc77 elementor-widget elementor-widget-text-editor\" data-id=\"4e4cc77\" data-element_type=\"widget\" data-e-type=\"widget\" data-widget_type=\"text-editor.default\">\n\t\t\t\t<div class=\"elementor-widget-container\">\n\t\t\t\t\t\t\t\t\t<h3 style=\"text-align: center;\"><strong>Capacitiva\u00a0 <\/strong><\/h3><p>La diat\u00e8rmia capacitiva \u00e9s una manera d'aplicar-la sobre els <strong>tejidos m\u00e1s superficiales <\/strong>del cos.<\/p><p>Es fa servir un cap\u00e7al amb un recobriment a\u00efllant (normalment de cer\u00e0mica), que en entrar en contacte amb la pell genera un camp el\u00e8ctric. Aquest camp produeix <strong>calor a les capes m\u00e9s externes<\/strong>, com la pell, el teixit gras o el sistema limf\u00e0tic.<\/p><p>El m\u00e9s important \u00e9s que la calor es genera <strong>des de dins del cos<\/strong>, no desde el aparato. Esto activa la circulaci\u00f3n, mejora el drenaje de l\u00edquidos y estimula la producci\u00f3n de col\u00e1geno y elastina.<\/p><p>Aix\u00f2 fa que sigui ideal per:<\/p><ul class=\"wp-block-list\"><li><strong>Tractar la cel\u00b7lulitis<\/strong>: especialment quan \u00e9s tova o edematosa (amb retenci\u00f3 de l\u00edquids).<\/li><li><strong>Millorar la flacciditat lleu<\/strong>: a la cara, bra\u00e7os, abdomen o cuixes.<\/li><li><strong>Reafirmar el rostre<\/strong>: ideal en tractaments facials pel seu efecte suau i tonificant.<\/li><li><strong>Mejorar la hidrataci\u00f3n y luminosidad de la piel<\/strong>.<\/li><li><strong>Reduir bosses o inflamaci\u00f3<\/strong>: per la seva acci\u00f3 sobre el sistema limf\u00e0tic.<\/li><\/ul><p>Per descomptat, \u00e9s un tractament <strong>c\u00f2mode, sense dolor i amb una sensaci\u00f3 agradable <\/strong>de calor. Es pot fer servir sol o combinar amb la diat\u00e8rmia resistiva per treballar a diferents profunditats.<\/p>\t\t\t\t\t\t\t\t<\/div>\n\t\t\t\t<\/div>\n\t\t\t\t<\/div>\n\t\t<div class=\"elementor-element elementor-element-088ad56 e-con-full e-flex e-con e-child\" data-id=\"088ad56\" data-element_type=\"container\" data-e-type=\"container\">\n\t\t\t\t<div class=\"elementor-element elementor-element-321edd0 elementor-widget elementor-widget-text-editor\" data-id=\"321edd0\" data-element_type=\"widget\" data-e-type=\"widget\" data-widget_type=\"text-editor.default\">\n\t\t\t\t<div class=\"elementor-widget-container\">\n\t\t\t\t\t\t\t\t\t<h3 style=\"text-align: center;\"><strong>Resistiva <\/strong><\/h3><p>La <strong>diat\u00e8rmia resistiva<\/strong> \u00e9s una altra manera d'aplicar aquest tractament, per\u00f2 en aquest cas la calor actua <strong>en capes m\u00e9s profundes<\/strong> del cos.<\/p><p>S'utilitza un el\u00e8ctrode met\u00e0l\u00b7lic que es col\u00b7loca directament sobre la pell i genera calor als teixits amb <strong>m\u00e9s resist\u00e8ncia al pas del corrent<\/strong>, com el greix m\u00e9s compacte, els m\u00fasculs profunds, els tendons o fins i tot zones properes a l'os.<\/p><p>A difer\u00e8ncia de la capacitiva, que treballa m\u00e9s a la superf\u00edcie, la resistiva <strong>penetra m\u00e9s profundament<\/strong> i \u00e9s ideal per a zones on hi ha m\u00e9s densitat o estructures m\u00e9s dures.<\/p><p>En est\u00e8tica, s'usa sobretot per a:<\/p><ul class=\"wp-block-list\"><li>Reafirmar zones amb flaccidesa moderada o severa<\/li><li>Reduir greix localitzat resistent, com en abdomen o cartutxeres<\/li><li>Tractar cel\u00b7lulitis m\u00e9s compacta o fibrosa<\/li><li>Tonificar m\u00fasculs profunds, per exemple en glutis o abdomen<\/li><li>Millorar l'elasticitat a zones m\u00e9s profundes de la pell<\/li><\/ul><p>Tamb\u00e9 se sent com una calor agradable, encara que m\u00e9s intensa.<\/p>\t\t\t\t\t\t\t\t<\/div>\n\t\t\t\t<\/div>\n\t\t\t\t<\/div>\n\t\t<div class=\"elementor-element elementor-element-71b5353 e-con-full e-flex e-con e-child\" data-id=\"71b5353\" data-element_type=\"container\" data-e-type=\"container\">\n\t\t\t\t<div class=\"elementor-element elementor-element-dc2a517 elementor-widget elementor-widget-text-editor\" data-id=\"dc2a517\" data-element_type=\"widget\" data-e-type=\"widget\" data-widget_type=\"text-editor.default\">\n\t\t\t\t<div class=\"elementor-widget-container\">\n\t\t\t\t\t\t\t\t\t<p class=\"translation-block\">Encara que es poden fer servir per separat, <strong>combinar-les en un mateix tractament millora molt els resultats<\/strong>. Per qu\u00e8? Perqu\u00e8 cadascuna actua a una profunditat diferent i sobre diferents tipus de teixit.<\/p><p>Aquests s\u00f3n els principals beneficis de fer-les servir juntes:<\/p><ul class=\"wp-block-list\"><li class=\"translation-block\"><strong>Es tracta la pell a tots els seus nivells<\/strong>: la capacitiva treballa en capes superficials (pell i greix tou), i la resistiva arriba a capes m\u00e9s profundes (greix compacte, m\u00fascul, teixit m\u00e9s dens). Aix\u00ed s'aconsegueix un efecte molt m\u00e9s complet.<\/li><li class=\"translation-block\"><strong>Millora la fermesa i l'elasticitat<\/strong>: la combinaci\u00f3 activa m\u00e9s la producci\u00f3 de col\u00b7lagen i elastina, cosa que ajuda a tensar la pell ia millorar-ne la textura.<\/li><li class=\"translation-block\"><strong>Redueix m\u00e9s efica\u00e7ment la cel\u00b7lulitis<\/strong>: s'actua sobre la retenci\u00f3 de l\u00edquids (amb capacitiva) i sobre els n\u00f2duls m\u00e9s profunds i compactes (amb resistiva), cosa que millora visiblement l'aspecte de la pell.<\/li><li class=\"translation-block\"><strong>Ajuda a remodelar el cos<\/strong>: en treballar tant sobre el greix superficial com sobre el greix localitzat m\u00e9s profund, s'afavoreix una silueta m\u00e9s definida.<\/li><li class=\"translation-block\"><strong>Augmenta l'efecte drenant i la circulaci\u00f3<\/strong>: s'estimula el sistema limf\u00e0tic i sanguini en diferents capes, cosa que millora el metabolisme cel\u00b7lular i l'oxigenaci\u00f3 dels teixits.<\/li><li class=\"translation-block\"><strong>S'adapta millor a cada zona del cos<\/strong>: per exemple, en un tractament de cames es pot fer servir capacitiva per a la part interna (m\u00e9s tova) i resistiva per a glutis o cartutxeres (m\u00e9s denses).<\/li><\/ul>\t\t\t\t\t\t\t\t<\/div>\n\t\t\t\t<\/div>\n\t\t\t\t<\/div>\n\t\t\t\t\t<\/div>\n\t\t\t\t<\/div>\n\t\t<div class=\"elementor-element elementor-element-3db7afb e-flex e-con-boxed e-con e-parent\" data-id=\"3db7afb\" data-element_type=\"container\" data-e-type=\"container\">\n\t\t\t\t\t<div class=\"e-con-inner\">\n\t\t\t\t<div class=\"elementor-element elementor-element-9bdc7e9 elementor-widget elementor-widget-heading\" data-id=\"9bdc7e9\" data-element_type=\"widget\" data-e-type=\"widget\" data-widget_type=\"heading.default\">\n\t\t\t\t<div class=\"elementor-widget-container\">\n\t\t\t\t\t<h2 class=\"elementor-heading-title elementor-size-default\">Quantes sessions s\u00f3n necess\u00e0ries?<\/h2>\t\t\t\t<\/div>\n\t\t\t\t<\/div>\n\t\t\t\t\t<\/div>\n\t\t\t\t<\/div>\n\t\t<div class=\"elementor-element elementor-element-47c5809 e-flex e-con-boxed e-con e-parent\" data-id=\"47c5809\" data-element_type=\"container\" data-e-type=\"container\">\n\t\t\t\t\t<div class=\"e-con-inner\">\n\t\t<div class=\"elementor-element elementor-element-409eaeb e-con-full e-flex e-con e-child\" data-id=\"409eaeb\" data-element_type=\"container\" data-e-type=\"container\">\n\t\t\t\t<div class=\"elementor-element elementor-element-adf0d8a elementor-widget elementor-widget-text-editor\" data-id=\"adf0d8a\" data-element_type=\"widget\" data-e-type=\"widget\" data-widget_type=\"text-editor.default\">\n\t\t\t\t<div class=\"elementor-widget-container\">\n\t\t\t\t\t\t\t\t\t<p>Els efectes solen notar-se des de la primera aplicaci\u00f3, encara que es recomana fer un bo de diverses sessions per a resultats m\u00e9s duradors i visibles. Al Centre de Fisioter\u00e0pia CF oferim bons adaptats als teus objectius i tipus de pell.<\/p><h3 class=\"wp-block-heading\"><strong>Reserva tu tratamiento<\/strong><\/h3><p>Empieza a cuidar tu piel desde dentro con tecnolog\u00eda de \u00faltima generaci\u00f3n.<\/p><p><strong>Reserva la teva sessi\u00f3 de diat\u00e8rmia facial a Lleida i llueix una pell m\u00e9s lluminosa, ferma i rejovenida.<\/strong><\/p>\t\t\t\t\t\t\t\t<\/div>\n\t\t\t\t<\/div>\n\t\t\t\t<div class=\"elementor-element elementor-element-4c6e6e2 elementor-widget elementor-widget-button\" data-id=\"4c6e6e2\" data-element_type=\"widget\" data-e-type=\"widget\" data-widget_type=\"button.default\">\n\t\t\t\t<div class=\"elementor-widget-container\">\n\t\t\t\t\t\t\t\t\t<div class=\"elementor-button-wrapper\">\n\t\t\t\t\t<a class=\"elementor-button elementor-button-link elementor-size-sm\" href=\"https:\/\/fisiocliconline.es\/cf\" rel=\"nofollow noopener\" target=\"_blank\">\n\t\t\t\t\t\t<span class=\"elementor-button-content-wrapper\">\n\t\t\t\t\t\t\t\t\t<span class=\"elementor-button-text\">Demanar cita<\/span>\n\t\t\t\t\t<\/span>\n\t\t\t\t\t<\/a>\n\t\t\t\t<\/div>\n\t\t\t\t\t\t\t\t<\/div>\n\t\t\t\t<\/div>\n\t\t\t\t<\/div>\n\t\t<div class=\"elementor-element elementor-element-464a3ad e-con-full e-flex e-con e-child\" data-id=\"464a3ad\" data-element_type=\"container\" data-e-type=\"container\">\n\t\t\t\t<div class=\"elementor-element elementor-element-521dce9 elementor-widget elementor-widget-image\" data-id=\"521dce9\" data-element_type=\"widget\" data-e-type=\"widget\" data-widget_type=\"image.default\">\n\t\t\t\t<div class=\"elementor-widget-container\">\n\t\t\t\t\t\t\t\t\t\t\t\t\t\t\t<img decoding=\"async\" width=\"800\" height=\"534\" src=\"https:\/\/fisioterapiacf.com\/wp-content\/uploads\/2026\/04\/vecteezy_cosmetologist-performing-rf-lifting-treatment-on-a-womans_71594958-1024x683.jpg\" class=\"attachment-large size-large wp-image-1291\" alt=\"\" srcset=\"https:\/\/fisioterapiacf.com\/wp-content\/uploads\/2026\/04\/vecteezy_cosmetologist-performing-rf-lifting-treatment-on-a-womans_71594958-1024x683.jpg 1024w, https:\/\/fisioterapiacf.com\/wp-content\/uploads\/2026\/04\/vecteezy_cosmetologist-performing-rf-lifting-treatment-on-a-womans_71594958-300x200.jpg 300w, https:\/\/fisioterapiacf.com\/wp-content\/uploads\/2026\/04\/vecteezy_cosmetologist-performing-rf-lifting-treatment-on-a-womans_71594958-768x512.jpg 768w, https:\/\/fisioterapiacf.com\/wp-content\/uploads\/2026\/04\/vecteezy_cosmetologist-performing-rf-lifting-treatment-on-a-womans_71594958-1536x1024.jpg 1536w, https:\/\/fisioterapiacf.com\/wp-content\/uploads\/2026\/04\/vecteezy_cosmetologist-performing-rf-lifting-treatment-on-a-womans_71594958-2048x1366.jpg 2048w, https:\/\/fisioterapiacf.com\/wp-content\/uploads\/2026\/04\/vecteezy_cosmetologist-performing-rf-lifting-treatment-on-a-womans_71594958-18x12.jpg 18w\" sizes=\"(max-width: 800px) 100vw, 800px\" title=\"\">\t\t\t\t\t\t\t\t\t\t\t\t\t\t\t<\/div>\n\t\t\t\t<\/div>\n\t\t\t\t<\/div>\n\t\t\t\t\t<\/div>\n\t\t\t\t<\/div>\n\t\t\t\t<\/div>","protected":false},"excerpt":{"rendered":"<p>Vitalskin o diatermia facial es un tratamiento est\u00e9tico no invasivo que est\u00e1 revolucionando el cuidado de la piel.<\/p>","protected":false},"author":1,"featured_media":1293,"parent":54,"menu_order":0,"comment_status":"closed","ping_status":"closed","template":"","meta":{"footnotes":""},"class_list":["post-1289","page","type-page","status-publish","has-post-thumbnail","hentry"],"_links":{"self":[{"href":"https:\/\/fisioterapiacf.com\/ca\/wp-json\/wp\/v2\/pages\/1289","targetHints":{"allow":["GET"]}}],"collection":[{"href":"https:\/\/fisioterapiacf.com\/ca\/wp-json\/wp\/v2\/pages"}],"about":[{"href":"https:\/\/fisioterapiacf.com\/ca\/wp-json\/wp\/v2\/types\/page"}],"author":[{"embeddable":true,"href":"https:\/\/fisioterapiacf.com\/ca\/wp-json\/wp\/v2\/users\/1"}],"replies":[{"embeddable":true,"href":"https:\/\/fisioterapiacf.com\/ca\/wp-json\/wp\/v2\/comments?post=1289"}],"version-history":[{"count":9,"href":"https:\/\/fisioterapiacf.com\/ca\/wp-json\/wp\/v2\/pages\/1289\/revisions"}],"predecessor-version":[{"id":1303,"href":"https:\/\/fisioterapiacf.com\/ca\/wp-json\/wp\/v2\/pages\/1289\/revisions\/1303"}],"up":[{"embeddable":true,"href":"https:\/\/fisioterapiacf.com\/ca\/wp-json\/wp\/v2\/pages\/54"}],"wp:featuredmedia":[{"embeddable":true,"href":"https:\/\/fisioterapiacf.com\/ca\/wp-json\/wp\/v2\/media\/1293"}],"wp:attachment":[{"href":"https:\/\/fisioterapiacf.com\/ca\/wp-json\/wp\/v2\/media?parent=1289"}],"curies":[{"name":"wp","href":"https:\/\/api.w.org\/{rel}","templated":true}]}}