{"id":267,"date":"2024-01-22T20:46:12","date_gmt":"2024-01-22T20:46:12","guid":{"rendered":"https:\/\/fisioterapiacf.com\/?page_id=267"},"modified":"2026-04-26T15:44:43","modified_gmt":"2026-04-26T15:44:43","slug":"fisioterapiarespiratoria","status":"publish","type":"page","link":"https:\/\/fisioterapiacf.com\/ca\/servicios\/fisioterapiarespiratoria\/","title":{"rendered":"Fisioter\u00e0pia respiratoria"},"content":{"rendered":"<div data-elementor-type=\"wp-page\" data-elementor-id=\"267\" class=\"elementor elementor-267\" data-elementor-post-type=\"page\">\n\t\t\t\t\t\t<section class=\"elementor-section elementor-top-section elementor-element elementor-element-31bfe789 elementor-section-full_width elementor-section-height-min-height elementor-section-height-default elementor-section-items-middle\" data-id=\"31bfe789\" data-element_type=\"section\" data-e-type=\"section\" data-settings=\"{&quot;background_background&quot;:&quot;gradient&quot;}\">\n\t\t\t\t\t\t<div class=\"elementor-container elementor-column-gap-default\">\n\t\t\t\t\t<div class=\"elementor-column elementor-col-100 elementor-top-column elementor-element elementor-element-be3db5a elementor-invisible\" data-id=\"be3db5a\" data-element_type=\"column\" data-e-type=\"column\" data-settings=\"{&quot;background_background&quot;:&quot;classic&quot;,&quot;animation&quot;:&quot;fadeInUp&quot;}\">\n\t\t\t<div class=\"elementor-widget-wrap elementor-element-populated\">\n\t\t\t\t\t\t<div class=\"elementor-element elementor-element-403429ce elementor-widget elementor-widget-heading\" data-id=\"403429ce\" data-element_type=\"widget\" data-e-type=\"widget\" data-widget_type=\"heading.default\">\n\t\t\t\t<div class=\"elementor-widget-container\">\n\t\t\t\t\t<h1 class=\"elementor-heading-title elementor-size-default\">Fisioter\u00e0pia respiratoria<\/h1>\t\t\t\t<\/div>\n\t\t\t\t<\/div>\n\t\t\t\t\t<\/div>\n\t\t<\/div>\n\t\t\t\t\t<\/div>\n\t\t<\/section>\n\t\t\t\t<section class=\"elementor-section elementor-top-section elementor-element elementor-element-3c15780d elementor-section-boxed elementor-section-height-default elementor-section-height-default\" data-id=\"3c15780d\" data-element_type=\"section\" data-e-type=\"section\">\n\t\t\t\t\t\t<div class=\"elementor-container elementor-column-gap-default\">\n\t\t\t\t\t<div class=\"elementor-column elementor-col-100 elementor-top-column elementor-element elementor-element-2200bc4e\" data-id=\"2200bc4e\" data-element_type=\"column\" data-e-type=\"column\">\n\t\t\t<div class=\"elementor-widget-wrap elementor-element-populated\">\n\t\t\t\t\t\t<div class=\"elementor-element elementor-element-fc72266 elementor-widget elementor-widget-text-editor\" data-id=\"fc72266\" data-element_type=\"widget\" data-e-type=\"widget\" data-widget_type=\"text-editor.default\">\n\t\t\t\t<div class=\"elementor-widget-container\">\n\t\t\t\t\t\t\t\t\t<h2><span style=\"color: #00318d;\">Qu\u00e8 \u00e8s la Fisioter\u00e0pia respiratoria?<\/span><\/h2><p><span style=\"color: #000000;\">La Fisioterapia Respiratoria (FR) \u00e9s una especialitat dins de la Fisioter\u00e0pia que mitjan\u00e7ant unes t\u00e8cniques i maniobres espec\u00edfiques, t\u00e9 l\u2019objectiu de prevenir, curar, millorar o estabilitzar patologies agudes o cr\u00f2niques que afectin al sistema respiratori. Es basa en els coneixements fisiol\u00f2gics, fisiopatol\u00f2gics i biomec\u00e0nics d\u2019aquest sistema.<\/span><\/p><p><span style=\"color: #000000;\">Al Centre de Fisioter\u00e0pia CF, tenim amb la Fisioterapia respiratoria unes eines addicionals tant a l\u2019hora de fer diagn\u00f2stics com d\u2019aplicar tractaments, procurem tractar i prevenir qualsevol disfunci\u00f3 als m\u00fasculs involucrats per millorar la ventilaci\u00f3 pulmonar.<\/span><br \/><span style=\"color: #000000;\">Sempre adaptant exercicis a les capacitats respirat\u00f2ries i f\u00edsiques del pacient.<\/span><\/p>\t\t\t\t\t\t\t\t<\/div>\n\t\t\t\t<\/div>\n\t\t\t\t<section class=\"elementor-section elementor-inner-section elementor-element elementor-element-81923d0 elementor-section-boxed elementor-section-height-default elementor-section-height-default\" data-id=\"81923d0\" data-element_type=\"section\" data-e-type=\"section\">\n\t\t\t\t\t\t<div class=\"elementor-container elementor-column-gap-default\">\n\t\t\t\t\t<div class=\"elementor-column elementor-col-50 elementor-inner-column elementor-element elementor-element-61336e09\" data-id=\"61336e09\" data-element_type=\"column\" data-e-type=\"column\">\n\t\t\t<div class=\"elementor-widget-wrap elementor-element-populated\">\n\t\t\t\t\t\t<div class=\"elementor-element elementor-element-6921d891 elementor-widget elementor-widget-image\" data-id=\"6921d891\" data-element_type=\"widget\" data-e-type=\"widget\" data-widget_type=\"image.default\">\n\t\t\t\t<div class=\"elementor-widget-container\">\n\t\t\t\t\t\t\t\t\t\t\t\t\t\t\t<img fetchpriority=\"high\" decoding=\"async\" width=\"300\" height=\"222\" src=\"https:\/\/fisioterapiacf.com\/wp-content\/uploads\/2024\/01\/respiratoria.png\" class=\"attachment-full size-full wp-image-316\" alt=\"\" title=\"\">\t\t\t\t\t\t\t\t\t\t\t\t\t\t\t<\/div>\n\t\t\t\t<\/div>\n\t\t\t\t\t<\/div>\n\t\t<\/div>\n\t\t\t\t<div class=\"elementor-column elementor-col-50 elementor-inner-column elementor-element elementor-element-79d536d9\" data-id=\"79d536d9\" data-element_type=\"column\" data-e-type=\"column\">\n\t\t\t<div class=\"elementor-widget-wrap elementor-element-populated\">\n\t\t\t\t\t\t<div class=\"elementor-element elementor-element-6fb9ea83 elementor-widget elementor-widget-text-editor\" data-id=\"6fb9ea83\" data-element_type=\"widget\" data-e-type=\"widget\" data-widget_type=\"text-editor.default\">\n\t\t\t\t<div class=\"elementor-widget-container\">\n\t\t\t\t\t\t\t\t\t<h2><span style=\"color: #00318d;\">Beneficis de <\/span>la Fisioter\u00e0pia respiratoria<\/h2><p><span style=\"color: #000000;\">La Fisioterapia respiratoria \u00e9s una branca dins de la Fisioter\u00e0pia que t\u00e9 m\u00e9s d\u2019un segle d\u2019evoluci\u00f3; encara que a Espanya no sigui una especialitat oficial, si que ho \u00e9s en diversos pa\u00efsos, on t\u00e9 un gran reconeixement i pres\u00e8ncia. Cada cop va adquirint m\u00e9s protagonisme arran dels grans resultats que ofereix en multitud d\u2019escenaris: des de pacients ingressats en unitats de cr\u00edtics fins a pacients cr\u00f2nics o infants.<\/span><\/p><p><span style=\"color: #000000;\">La Fisioterapia respiratoria en general t\u00e9 com a objectius:<\/span><\/p><p><span style=\"color: #000000;\">\u2022 Facilitar la eliminaci\u00f3 de secrecions (moc)<\/span><br \/><span style=\"color: #000000;\">\u2022 Millorar la funci\u00f3 pulmonar, capacitat d\u2019exercici i qualitat de vida<\/span><br \/><span style=\"color: #000000;\">\u2022 Reeducar el patr\u00f3 ventilatori<\/span><br \/><span style=\"color: #000000;\">\u2022 Millorar la for\u00e7a\/funcionalitat de la musculatura respirat\u00f2ria<\/span><br \/><span style=\"color: #000000;\">\u2022 Prevenir possibles disfuncions respirat\u00f2ries derivades d\u2019altres patologies (cirurgies abdominals o tor\u00e0ciques, transplantaments pulmonars, etc.)<\/span><\/p><p><span style=\"color: #000000;\">Se\u2019n poden beneficiar tant nadons, nens\/es i adults en multitud de patologies i condicions:<\/span><\/p><p><span style=\"color: #000000;\">\u2022 Malaltia Pulmonar Obstructiva Cr\u00f2nica \u2013 MPOC.<\/span><br \/><span style=\"color: #000000;\">\u2022 Bronquiect\u00e0sies.<\/span><br \/><span style=\"color: #000000;\">\u2022 Fibrosi Qu\u00edstica.<\/span><br \/><span style=\"color: #000000;\">\u2022 Malalties intersticials pulmonars.<\/span><br \/><span style=\"color: #000000;\">\u2022 Pneum\u00f2nies.<\/span><br \/><span style=\"color: #000000;\">\u2022 Pneumot\u00f2rax.<\/span><br \/><span style=\"color: #000000;\">\u2022 Atelect\u00e0sies.<\/span><br \/><span style=\"color: #000000;\">\u2022 Bronquitis.<\/span><br \/><span style=\"color: #000000;\">\u2022 Bronquiolitis.<\/span><br \/><span style=\"color: #000000;\">\u2022 Malalties neurol\u00f2giques o neuromusculars.<\/span><br \/><span style=\"color: #000000;\">\u2022 Fibrosi pulmonar.<\/span><br \/><span style=\"color: #000000;\">\u2022 Asma.<\/span><br \/><span style=\"color: #000000;\">\u2022 Seq\u00fceles de la Covid-19.<\/span><br \/><span style=\"color: #000000;\">\u2022 Pr\u00e8via i\/o posteriorment d\u2019una cirurgia abdominal o tor\u00e0cica, amb la finalitat de prevenir o millorar possibles complicacions pulmonars.<\/span><br \/><span style=\"color: #000000;\">\u2022 Transplantaments o reseccions pulmonars.<\/span><\/p><p>\u00a0<\/p>\t\t\t\t\t\t\t\t<\/div>\n\t\t\t\t<\/div>\n\t\t\t\t\t<\/div>\n\t\t<\/div>\n\t\t\t\t\t<\/div>\n\t\t<\/section>\n\t\t\t\t\t<\/div>\n\t\t<\/div>\n\t\t\t\t\t<\/div>\n\t\t<\/section>\n\t\t\t\t<section class=\"elementor-section elementor-top-section elementor-element elementor-element-4ad2e9ed elementor-section-boxed elementor-section-height-default elementor-section-height-default\" data-id=\"4ad2e9ed\" data-element_type=\"section\" data-e-type=\"section\">\n\t\t\t\t\t\t<div class=\"elementor-container elementor-column-gap-default\">\n\t\t\t\t\t<div class=\"elementor-column elementor-col-33 elementor-top-column elementor-element elementor-element-25caa8af\" data-id=\"25caa8af\" data-element_type=\"column\" data-e-type=\"column\">\n\t\t\t<div class=\"elementor-widget-wrap elementor-element-populated\">\n\t\t\t\t\t\t<div class=\"elementor-element elementor-element-32166e2d elementor-align-center elementor-widget elementor-widget-button\" data-id=\"32166e2d\" data-element_type=\"widget\" data-e-type=\"widget\" data-widget_type=\"button.default\">\n\t\t\t\t<div class=\"elementor-widget-container\">\n\t\t\t\t\t\t\t\t\t<div class=\"elementor-button-wrapper\">\n\t\t\t\t\t<a class=\"elementor-button elementor-button-link elementor-size-md\" href=\"https:\/\/fisioterapiacf.com\/index.php\/servicios\/\">\n\t\t\t\t\t\t<span class=\"elementor-button-content-wrapper\">\n\t\t\t\t\t\t\t\t\t<span class=\"elementor-button-text\">Serveis     <\/span>\n\t\t\t\t\t<\/span>\n\t\t\t\t\t<\/a>\n\t\t\t\t<\/div>\n\t\t\t\t\t\t\t\t<\/div>\n\t\t\t\t<\/div>\n\t\t\t\t\t<\/div>\n\t\t<\/div>\n\t\t\t\t<div class=\"elementor-column elementor-col-33 elementor-top-column elementor-element elementor-element-7547d33c\" data-id=\"7547d33c\" data-element_type=\"column\" data-e-type=\"column\">\n\t\t\t<div class=\"elementor-widget-wrap elementor-element-populated\">\n\t\t\t\t\t\t<div class=\"elementor-element elementor-element-4cf51e87 elementor-align-center elementor-widget elementor-widget-button\" data-id=\"4cf51e87\" data-element_type=\"widget\" data-e-type=\"widget\" data-widget_type=\"button.default\">\n\t\t\t\t<div class=\"elementor-widget-container\">\n\t\t\t\t\t\t\t\t\t<div class=\"elementor-button-wrapper\">\n\t\t\t\t\t<a class=\"elementor-button elementor-button-link elementor-size-md\" href=\"https:\/\/fisioterapiacf.com\/index.php\/contactar\/\">\n\t\t\t\t\t\t<span class=\"elementor-button-content-wrapper\">\n\t\t\t\t\t\t\t\t\t<span class=\"elementor-button-text\">M\u00e9s Informaci\u00f3<\/span>\n\t\t\t\t\t<\/span>\n\t\t\t\t\t<\/a>\n\t\t\t\t<\/div>\n\t\t\t\t\t\t\t\t<\/div>\n\t\t\t\t<\/div>\n\t\t\t\t\t<\/div>\n\t\t<\/div>\n\t\t\t\t<div class=\"elementor-column elementor-col-33 elementor-top-column elementor-element elementor-element-2b1734d0\" data-id=\"2b1734d0\" data-element_type=\"column\" data-e-type=\"column\">\n\t\t\t<div class=\"elementor-widget-wrap elementor-element-populated\">\n\t\t\t\t\t\t<div class=\"elementor-element elementor-element-319f1d93 elementor-align-center elementor-widget elementor-widget-button\" data-id=\"319f1d93\" data-element_type=\"widget\" data-e-type=\"widget\" data-widget_type=\"button.default\">\n\t\t\t\t<div class=\"elementor-widget-container\">\n\t\t\t\t\t\t\t\t\t<div class=\"elementor-button-wrapper\">\n\t\t\t\t\t<a class=\"elementor-button elementor-button-link elementor-size-md\" href=\"https:\/\/fisioterapiacf.com\/index.php\/tarifas\/\">\n\t\t\t\t\t\t<span class=\"elementor-button-content-wrapper\">\n\t\t\t\t\t\t\t\t\t<span class=\"elementor-button-text\">Tarifes i Preus<\/span>\n\t\t\t\t\t<\/span>\n\t\t\t\t\t<\/a>\n\t\t\t\t<\/div>\n\t\t\t\t\t\t\t\t<\/div>\n\t\t\t\t<\/div>\n\t\t\t\t\t<\/div>\n\t\t<\/div>\n\t\t\t\t\t<\/div>\n\t\t<\/section>\n\t\t\t\t<\/div>","protected":false},"excerpt":{"rendered":"<p>La Fisioterapia Respiratoria tiene el objetivo de prevenir, curar, mejorar o estabilizar patolog\u00edas agudas o cr\u00f3nicas que afecten al sistema respiratorio.<\/p>","protected":false},"author":1,"featured_media":183,"parent":54,"menu_order":3,"comment_status":"closed","ping_status":"closed","template":"elementor_header_footer","meta":{"footnotes":""},"class_list":["post-267","page","type-page","status-publish","has-post-thumbnail","hentry"],"_links":{"self":[{"href":"https:\/\/fisioterapiacf.com\/ca\/wp-json\/wp\/v2\/pages\/267","targetHints":{"allow":["GET"]}}],"collection":[{"href":"https:\/\/fisioterapiacf.com\/ca\/wp-json\/wp\/v2\/pages"}],"about":[{"href":"https:\/\/fisioterapiacf.com\/ca\/wp-json\/wp\/v2\/types\/page"}],"author":[{"embeddable":true,"href":"https:\/\/fisioterapiacf.com\/ca\/wp-json\/wp\/v2\/users\/1"}],"replies":[{"embeddable":true,"href":"https:\/\/fisioterapiacf.com\/ca\/wp-json\/wp\/v2\/comments?post=267"}],"version-history":[{"count":27,"href":"https:\/\/fisioterapiacf.com\/ca\/wp-json\/wp\/v2\/pages\/267\/revisions"}],"predecessor-version":[{"id":1206,"href":"https:\/\/fisioterapiacf.com\/ca\/wp-json\/wp\/v2\/pages\/267\/revisions\/1206"}],"up":[{"embeddable":true,"href":"https:\/\/fisioterapiacf.com\/ca\/wp-json\/wp\/v2\/pages\/54"}],"wp:featuredmedia":[{"embeddable":true,"href":"https:\/\/fisioterapiacf.com\/ca\/wp-json\/wp\/v2\/media\/183"}],"wp:attachment":[{"href":"https:\/\/fisioterapiacf.com\/ca\/wp-json\/wp\/v2\/media?parent=267"}],"curies":[{"name":"wp","href":"https:\/\/api.w.org\/{rel}","templated":true}]}}