{"id":623,"date":"2024-02-06T09:52:17","date_gmt":"2024-02-06T09:52:17","guid":{"rendered":"https:\/\/fisioterapiacf.com\/?page_id=623"},"modified":"2026-04-26T16:03:57","modified_gmt":"2026-04-26T16:03:57","slug":"aviso-legal","status":"publish","type":"page","link":"https:\/\/fisioterapiacf.com\/ca\/aviso-legal\/","title":{"rendered":"Av\u00eds legal"},"content":{"rendered":"<div data-elementor-type=\"wp-page\" data-elementor-id=\"623\" class=\"elementor elementor-623\" data-elementor-post-type=\"page\">\n\t\t\t\t\t\t<section class=\"elementor-section elementor-top-section elementor-element elementor-element-573119e6 elementor-section-full_width elementor-section-height-min-height elementor-section-height-default elementor-section-items-middle\" data-id=\"573119e6\" data-element_type=\"section\" data-e-type=\"section\" data-settings=\"{&quot;background_background&quot;:&quot;gradient&quot;}\">\n\t\t\t\t\t\t<div class=\"elementor-container elementor-column-gap-default\">\n\t\t\t\t\t<div class=\"elementor-column elementor-col-100 elementor-top-column elementor-element elementor-element-ec82191 elementor-invisible\" data-id=\"ec82191\" data-element_type=\"column\" data-e-type=\"column\" data-settings=\"{&quot;background_background&quot;:&quot;classic&quot;,&quot;animation&quot;:&quot;fadeInUp&quot;}\">\n\t\t\t<div class=\"elementor-widget-wrap elementor-element-populated\">\n\t\t\t\t\t\t<div class=\"elementor-element elementor-element-2a3a7d81 elementor-widget elementor-widget-heading\" data-id=\"2a3a7d81\" data-element_type=\"widget\" data-e-type=\"widget\" data-widget_type=\"heading.default\">\n\t\t\t\t<div class=\"elementor-widget-container\">\n\t\t\t\t\t<h1 class=\"elementor-heading-title elementor-size-default\">Av\u00eds legal<\/h1>\t\t\t\t<\/div>\n\t\t\t\t<\/div>\n\t\t\t\t\t<\/div>\n\t\t<\/div>\n\t\t\t\t\t<\/div>\n\t\t<\/section>\n\t\t<div class=\"elementor-element elementor-element-13bb996 e-flex e-con-boxed e-con e-parent\" data-id=\"13bb996\" data-element_type=\"container\" data-e-type=\"container\">\n\t\t\t\t\t<div class=\"e-con-inner\">\n\t\t\t\t<div class=\"elementor-element elementor-element-2f84bfa elementor-widget elementor-widget-text-editor\" data-id=\"2f84bfa\" data-element_type=\"widget\" data-e-type=\"widget\" data-widget_type=\"text-editor.default\">\n\t\t\t\t<div class=\"elementor-widget-container\">\n\t\t\t\t\t\t\t\t\t<p><span style=\"color: #000000;\">Per tal de donar compliment a l'article 10 de la Llei 34\/2002, de Serveis de la Societat de la Informaci\u00f3 i de comer\u00e7 electr\u00f2nic (LSSI-CE), informem els usuaris de les nostres dades identificatives i de contacte:<\/span><\/p><p>\u00a0<\/p><ul><li><span style=\"color: #000000;\"><span style=\"color: #00318d;\"><strong>Nom o Denominaci\u00f3 social: <\/strong><\/span><strong>Cristina Fondevila Llevot<\/strong><\/span><\/li><li><span style=\"color: #000000;\"><strong><span style=\"color: #003366;\">CIF\/NIF:<\/span><\/strong> 78077983K<\/span><\/li><li><span style=\"color: #000000;\"><strong><span style=\"color: #00318d;\"> Domicili social:<\/span> C\/ <\/strong><strong>Ramon i Cajal 4 Altell 2 25003 Lleida<\/strong><\/span><\/li><li><span style=\"color: #000000;\"><strong><span style=\"color: #00318d;\"> Tel\u00e8fon:<\/span> <\/strong>630881567<\/span><\/li><li><span style=\"color: #000000;\"><strong><span style=\"color: #00318d;\"> E-Mail:<\/span> <\/strong>cristina.fondevila@gmail.com<\/span><\/li><\/ul><h3><span style=\"color: #00318d;\"><strong>1.- OBJECTE<\/strong><\/span><\/h3><p><span style=\"color: #000000;\">Cristina Fondevila Llevot (d'ara endavant, el prestador), com a responsable del lloc web <span style=\"color: #00318d;\">fisioterapiaenlleida.com<\/span> posa a disposici\u00f3 dels usuaris aquest document, el qual regula l'\u00fas del lloc web <span style=\"color: #00318d;\">fisioterapiaenlleida.com<\/span>, amb el qual pretenem donar compliment a les obligacions que disposa la Llei 34\/2002, de Serveis de la Societat de la Informaci\u00f3 i comer\u00e7 electr\u00f2nic, aix\u00ed com informar tots els usuaris respecte de quines s\u00f3n les condicions d'\u00fas i navegaci\u00f3 de la p\u00e0gina web.<\/span><\/p><p><span style=\"color: #000000;\">A trav\u00e9s d'aquest lloc web, Cristina Fondevila Llevot facilita als usuaris l'acc\u00e9s i la utilitzaci\u00f3 dels diferents serveis i continguts posats a la seva disposici\u00f3 mitjan\u00e7ant aquesta p\u00e0gina web.<\/span><\/p><p><span style=\"color: #000000;\">Tota persona que accedeixi a aquesta p\u00e0gina web ser\u00e0 considerada usuari (d'ara endavant, l'usuari), i implica l'acceptaci\u00f3 total i sense reserves de totes i cadascuna de les disposicions incloses en aquest Av\u00eds legal, aix\u00ed com qualsevol altra disposici\u00f3 legal que pugui resultar aplicable.<\/span><\/p><p><span style=\"color: #000000;\">L'usuari haur\u00e0 de llegir atentament aquest av\u00eds legal, recomanant-se la lectura abans de visitar la p\u00e0gina web, i cada vegada que hi accedeixi, amb la finalitat de llegir i entendre les modificacions que el prestador hagu\u00e9s pogut realitzar. En aquest sentit, el prestador es reserva el dret de modificar les presents condicions, sense que hi hagi l'obligaci\u00f3 de preavisar o posar en coneixement dels usuaris les modificacions efectuades, sent suficient la publicaci\u00f3 de les mateixes en aquesta p\u00e0gina web. \u00c9s responsabilitat de l'usuari accedir peri\u00f2dicament a aquestes condicions, ja que seran d'aplicaci\u00f3 les m\u00e9s recents i es deixaran sense efecte les condicions pr\u00e8vies.<\/span><\/p><h3><span style=\"color: #00318d;\"><strong>2.- CONDICIONS D'ACC\u00c9S I UTILITZACI\u00d3 DE LA P\u00c0GINA WEB<\/strong><\/span><\/h3><p><span style=\"color: #000000;\">Mitjan\u00e7ant aquest av\u00eds legal s'informa els usuaris de les condicions que regeixen l'acc\u00e9s i l'\u00fas de la p\u00e0gina web, tenint les mateixes la consideraci\u00f3 de condicions generals de la contractaci\u00f3.<\/span><\/p><p><span style=\"color: #00318d;\"><strong>2.1. Car\u00e0cter gratu\u00eft de l'acc\u00e9s i l'\u00fas de la web.<\/strong><\/span><\/p><p><span style=\"color: #000000;\">La prestaci\u00f3 dels serveis per part de Cristina Fondevila Llevot en aquest lloc web tenen car\u00e0cter gratu\u00eft per a tots els usuaris. Tot i aix\u00f2, alguns dels serveis subministrats pel prestador a trav\u00e9s d'aquesta p\u00e0gina web poden estar subjectes al pagament d'un preu determinat. En aquest sup\u00f2sit, sempre s'informar\u00e0 a l'usuari del car\u00e0cter oner\u00f3s de determinats serveis, essent necess\u00e0ria la seva pr\u00e8via contractaci\u00f3, i resultant d'aplicaci\u00f3 les condicions generals de venda que si escau existissin a la p\u00e0gina web, aix\u00ed com la normativa de consum vigent a cada moment.<\/span><\/p><p><span style=\"color: #00318d;\"><strong>2.2. Registre d'usuari.<\/strong><\/span><\/p><p><span style=\"color: #000000;\">Amb car\u00e0cter general la prestaci\u00f3 dels serveis oferts en aquesta p\u00e0gina web no exigeixen la pr\u00e8via subscripci\u00f3 o registre dels usuaris. Tot i aix\u00ed, \u00e9s possible que el prestador condicioni l'\u00fas d'alguns serveis a l'emplenament previ del registre d'usuaris corresponent. Aquest registre s'efectuar\u00e0 en la forma expressament indicada a la pr\u00f2pia secci\u00f3 del servei. El tractament de dades personals de l'usuari que pugui tenir lloc com a conseq\u00fc\u00e8ncia del registre o subscripci\u00f3 es regir\u00e0 per la nostra Pol\u00edtica de privadesa.<\/span><\/p><p><span style=\"color: #00318d;\"><strong>2.3. Veracitat de la informaci\u00f3.<\/strong><\/span><\/p><p><span style=\"color: #000000;\">Tota la informaci\u00f3 que l'usuari faciliti a trav\u00e9s d'aquesta p\u00e0gina web haur\u00e0 de ser vera\u00e7. A aquest efecte, lusuari garanteix lautenticitat de les dades comunicades a trav\u00e9s dels formularis de contacte habilitats. Ser\u00e0 responsabilitat de l'usuari mantenir tota la informaci\u00f3 facilitada a Cristina Fondevila Llevot permanentment actualitzada de manera que respongui, a cada moment, a la seva situaci\u00f3 real. En tot cas, l'usuari ser\u00e0 l'\u00fanic responsable de les manifestacions falses o inexactes que faci i dels perjudicis que pugui causar el prestador o tercers.<\/span><\/p><p><span style=\"color: #00318d;\"><strong>2.4. Menors d'edat.<\/strong><\/span><\/p><p><span style=\"color: #000000;\">Cristina Fondevila Llevot \u00a0recomana l'\u00fas d'aquesta p\u00e0gina web a majors de 18 anys. Per a l'\u00fas dels serveis d'aquesta p\u00e0gina web, els menors han d'obtenir sempre pr\u00e8viament el consentiment dels pares, tutors o representants legals, responsables darrers de tots els actes realitzats pels menors a c\u00e0rrec seu. La responsabilitat en la determinaci\u00f3 de continguts concrets als quals accedeixin els menors correspon a aquells, \u00e9s per aix\u00f2 que, si accedeixen a continguts no apropiats per Internet, s'hauran de configurar als seus ordinadors o dispositius m\u00f2bils mecanismes (filtres, bloquejos, etc.). ), que permetin limitar els continguts disponibles.<\/span><\/p><p><span style=\"color: #00318d;\"><strong>2.5. Obligacions dels usuaris.<\/strong><\/span><\/p><p><span style=\"color: #000000;\">L'usuari es compromet a utilitzar aquesta p\u00e0gina web de conformitat amb aquestes Condicions, la Llei, la moral i els bons costums. A aquest efecte, l'usuari s'abstindr\u00e0 d'utilitzar aquest lloc web amb finalitats il\u00b7l\u00edcites o prohibides, lesives de drets i interessos del prestador, altres usuaris i tercers, o que de qualsevol manera puguin fer malb\u00e9, inutilitzar, sobrecarregar, deteriorar o impedir la utilitzaci\u00f3 normal d'equips inform\u00e0tics o documents, arxius i tota mena de continguts emmagatzemats a qualsevol equip inform\u00e0tic del prestador o tercers.<\/span><\/p><p><span style=\"color: #000000;\">En particular, i a t\u00edtol indicatiu, per\u00f2 no exhaustiu, l'usuari es compromet a no transmetre, difondre o posar a disposici\u00f3 de terceres informacions, dades, continguts, missatges, gr\u00e0fics, dibuixos, arxius de so o imatge, fotografies, enregistraments, programari i , en general, qualsevol classe de material que:<\/span><\/p><ul><li><span style=\"color: #000000;\">Sigui contrari, menyspre\u00ef o atempti contra els drets fonamentals i llibertats p\u00fabliques reconegudes constitucionalment, en tractats internacionals i altres normes vigents.<\/span><\/li><li><span style=\"color: #000000;\">Indueixi, inciti o promogui actuacions delictives, denigrants, difamat\u00f2ries, violentes o, en general, contr\u00e0ries a les lleis, la moral i lordre p\u00fablic.<\/span><\/li><li><span style=\"color: #000000;\">Indueixi, inciti o promogui actuacions, actituds o pensaments discriminatoris per ra\u00f3 de sexe, ra\u00e7a, religi\u00f3, creences, edat, orientaci\u00f3 sexual o condici\u00f3, entre d'altres.<\/span><\/li><li><span style=\"color: #000000;\">Sigui contrari al dret a l'honor, a la intimitat personal o familiar oa la pr\u00f2pia imatge de les persones.<\/span><\/li><li><span style=\"color: #000000;\">De qualsevol manera que perjudiqui la credibilitat del prestador o de tercers.<\/span><\/li><li><span style=\"color: #000000;\">Que constitueixi publicitat il\u00b7l\u00edcita, enganyosa o deslleial.<\/span><\/li><\/ul><h3><span style=\"color: #00318d;\"><strong>3.- EXCLUSI\u00d3 DE GARANTIES I RESPONSABILITAT<\/strong><\/span><\/h3><p><span style=\"color: #000000;\">El contingut del present lloc web \u00e9s de car\u00e0cter general i t\u00e9 una finalitat merament informativa, sense que se'n garanteixi plenament l'acc\u00e9s a tots els continguts, ni la seva exhaustivitat, correcci\u00f3, vig\u00e8ncia o actualitat; ni la seva idone\u00eftat o utilitat per a un objectiu espec\u00edfic.<\/span><\/p><p><span style=\"color: #000000;\">El prestador s'eximeix de qualsevol tipus de responsabilitat derivada de la informaci\u00f3 publicada a la nostra p\u00e0gina web, sempre que aquesta informaci\u00f3 hagi estat manipulada o introdu\u00efda per un tercer ali\u00e8.<\/span><\/p><p><span style=\"color: #000000;\">Aquest lloc web ha estat revisat i provat perqu\u00e8 funcioni correctament. Tot i aix\u00f2, el prestador no descarta la possibilitat que hi hagi determinats errors de programaci\u00f3, o que succeeixin causes de for\u00e7a major, cat\u00e0strofes naturals, vagues, o circumst\u00e0ncies similars que facin impossible de forma temporal l'acc\u00e9s a la p\u00e0gina web.<\/span><\/p><p><span style=\"color: #000000;\">El prestador exclou, fins on permet l'ordenament jur\u00eddic, qualsevol responsabilitat pels danys i perjudicis de tota naturalesa derivats de:<\/span><\/p><ol><li><span style=\"color: #000000;\">\u00a0 a) La impossibilitat d'acc\u00e9s al lloc web o la manca de veracitat, exactitud, exhaustivitat i\/o actualitat dels continguts, aix\u00ed com l'exist\u00e8ncia de vicis i defectes de tota mena dels continguts transmesos, difosos, emmagatzemats, posats a disposici\u00f3 a els que s'hagin accedit a trav\u00e9s del lloc web o dels serveis que s'hi ofereixen.<\/span><\/li><li><span style=\"color: #000000;\">\u00a0 b) La pres\u00e8ncia de virus o d'altres elements en els continguts que puguin produir alteracions als sistemes inform\u00e0tics, documents electr\u00f2nics o dades dels usuaris.<\/span><\/li><li><span style=\"color: #000000;\">\u00a0 c) L'incompliment de les lleis, la bona fe, l'ordre p\u00fablic, els usos del tr\u00e0nsit i aquest Av\u00eds legal, com a conseq\u00fc\u00e8ncia de l'\u00fas incorrecte del lloc web. En particular, i com a exemple, el prestador no es fa responsable de les actuacions de tercers que vulnerin drets de propietat intel\u00b7lectual i industrial, secrets empresarials, drets a l'honor, a la intimitat personal i familiar ia la pr\u00f2pia imatge, aix\u00ed com la normativa en mat\u00e8ria de compet\u00e8ncia deslleial i publicitat il\u00b7l\u00edcita.<\/span><\/li><\/ol><p><span style=\"color: #000000;\">El prestador no garanteix la disponibilitat cont\u00ednua i permanent dels serveis, quedant aix\u00ed exonerat de qualsevol responsabilitat per possibles danys i perjudicis causats com a conseq\u00fc\u00e8ncia de la manca de disponibilitat del servei per motius de for\u00e7a major o errors a les xarxes telem\u00e0tiques de transfer\u00e8ncia de dades alienes a la seva voluntat, o per desconnexions realitzades per feines de millora o manteniment dels equips i sistemes inform\u00e0tics. El prestador no ser\u00e0 responsable per la interrupci\u00f3, suspensi\u00f3 o finalitzaci\u00f3 de la informaci\u00f3 o serveis. Aix\u00ed mateix, no es responsabilitza de les possibles omissions, p\u00e8rdues dinformaci\u00f3, dades, configuracions, accessos indeguts o vulneraci\u00f3 de la confidencialitat que tinguin origen en problemes t\u00e8cnics, de comunicacions o omissions humanes, causades per tercers o no imputables al prestador. Tampoc no respon dels danys produ\u00efts per atacs inform\u00e0tics o causats per virus que afectin programes inform\u00e0tics, sistemes de comunicacions o equips utilitzats per prestador, per\u00f2 fabricats o facilitats per un tercer. El prestador pot, a la seva sola discreci\u00f3, denegar, retirar, suspendre i\/o bloquejar en qualsevol moment, i sense necessitat de previ av\u00eds, l'acc\u00e9s a la informaci\u00f3 i els serveis als usuaris que incompleixin aquestes condicions.<\/span><\/p><p><span style=\"color: #000000;\">El prestador No es fa responsable sota cap concepte dels danys que puguin dimanar de l\u00fas il\u00b7legal o indegut de la present p\u00e0gina web.<\/span><\/p><p><span style=\"color: #000000;\">En tot cas, el prestador exclou qualsevol responsabilitat pels danys i perjudicis que puguin ser deguts a la informaci\u00f3 i\/o serveis prestats o subministrats per tercers, diferents dels oferts pel prestador. Tota responsabilitat recaur\u00e0 sobre el tercer, ja sigui aquest prove\u00efdor, col\u00b7laborador o un altre.<\/span><\/p><h3>\u00a0<\/h3><h3><span style=\"color: #00318d;\"><strong>4.- ENLLA\u00c7OS (LINKS)<\/strong><\/span><\/h3><p><span style=\"color: #000000;\">\u00c9s possible que aquest lloc web inclogui enlla\u00e7os o hipervincles que permeti als usuaris ser redirigits a continguts de p\u00e0gines web i llocs d'Internet pertanyents a tercers aliens al prestador. Com que des de la nostra p\u00e0gina web no podem controlar sempre els continguts introdu\u00efts pels tercers, Cristina Fondevila Llevot no assumeix cap tipus de responsabilitat respecte a aquests continguts. En tot cas, el prestador manifesta que procedir\u00e0 a la retirada immediata de qualsevol contingut que pogu\u00e9s contravenir la legislaci\u00f3 nacional i\/o internacional, la moral o l'ordre p\u00fablic, procedint a la retirada immediata del link o enlla\u00e7 a webs de tercers, i posant en coneixement de les autoritats competents el contingut en q\u00fcesti\u00f3.<\/span><\/p><p><span style=\"color: #000000;\">El prestador no es responsabilitza de la informaci\u00f3 i continguts emmagatzemats, a t\u00edtol enunciatiu, per\u00f2 no limitatiu, en f\u00f2rums, xats, generadors de blocs, comentaris, xarxes socials o qualsevol altre mitj\u00e0 que permeti a tercers publicar continguts de forma independent a la p\u00e0gina web del prestador. No obstant aix\u00f2, i en compliment de qu\u00e8 disposa els articles 11 i 16 LSSI-CE, el prestador es posa a disposici\u00f3 dels usuaris, autoritats i forces de seguretat, i col\u00b7laborant de forma activa en la retirada o, quan sigui necessari, el bloqueig de tots aquells continguts que puguin afectar o contravenir la legislaci\u00f3 nacional, o internacional, drets de tercers, o la moral i lordre p\u00fablic. En cas que l'usuari consideri que hi pugui haver algun contingut que pogu\u00e9s ser susceptible d'aquesta classificaci\u00f3, es prega que ho notifiqui al m\u00e9s aviat possible a l'administrador del lloc web.<\/span><\/p><h3><span style=\"color: #00318d;\"><strong>5.- PROPIETAT INTEL\u00b7LECTUAL<\/strong><\/span><\/h3><p><span style=\"color: #000000;\">Aquest lloc web, incloent-hi a t\u00edtol enunciatiu, per\u00f2 no limitatiu, la programaci\u00f3, edici\u00f3, compilaci\u00f3 i altres elements necessaris per al seu funcionament; els dissenys, logotips, textos, fotografies i\/o elements gr\u00e0fics i sonors, s\u00f3n propietat del prestador o, si no, disposa de les llic\u00e8ncies i\/o autoritzacions concedides pels seus autors per al seu \u00fas leg\u00edtim. Tots els continguts del lloc web estan degudament protegits per la normativa sobre propietat intel\u00b7lectual i industrial aplicable.<\/span><\/p><p><span style=\"color: #000000;\">Independentment de la finalitat per la qual fossin destinats, la reproducci\u00f3 total o parcial, \u00fas, distribuci\u00f3 i comunicaci\u00f3 p\u00fablica requereixen l'autoritzaci\u00f3 escrita pr\u00e8via per part del prestador. Qualsevol \u00fas no autoritzat pr\u00e8viament per part del prestador ser\u00e0 considerat un incompliment greu dels drets de propietat intel\u00b7lectual i industrial del seu propietari leg\u00edtim.<\/span><\/p><p><span style=\"color: #000000;\">Els dissenys, logotips, textos, gr\u00e0fics, entre altres, aliens al prestador i que puguin apar\u00e8ixer en aquest lloc web, pertanyen als seus respectius propietaris, sent ells mateixos els responsables de qualsevol possible controv\u00e8rsia que pogu\u00e9s esdevenir respecte d'aquests. En tot cas, el prestador compta amb lautoritzaci\u00f3 expressa i pr\u00e8via per part dels mateixos per a la seva utilitzaci\u00f3 en aquesta p\u00e0gina web.<\/span><\/p><p><span style=\"color: #000000;\">El prestador reconeix a favor dels seus titulars els corresponents drets de propietat industrial i intel\u00b7lectual, i no implica la seva menci\u00f3 o aparici\u00f3 al lloc web, de l'exist\u00e8ncia de drets o cap responsabilitat del prestador sobre aquests, com tampoc suport, patrocini o recomanaci\u00f3 per part d'aquest.<\/span><\/p><h3>\u00a0<\/h3><h3><span style=\"color: #00318d;\"><strong>6.- XARXES SOCIALS<\/strong><\/span><\/h3><p><span style=\"color: #000000;\">Us informem que fisioterapiaenlleida.com pot ser present a diverses xarxes socials. El tractament de les dades que els usuaris hi incloguin -sent seguidors dels perfils de fisioterapiaenlleida.com, o realitzant qualsevol vincle o acci\u00f3 de connexi\u00f3 a trav\u00e9s d'aquestes- es regir\u00e0 pel present apartat d'aquest Av\u00eds legal. Quan l'usuari es trobi al perfil de fisioterapiaenlleida.com a les diverses xarxes socials on tingui pres\u00e8ncia, li seran aplicables les condicions d'\u00fas i les pol\u00edtiques de privadesa de les diferents xarxes socials. Cristina Fondevila Llevot no es far\u00e0 responsable dels comentaris que altres usuaris de les xarxes socials puguin publicar al perfil de l'empresa, tot aix\u00f2 sense perjudici de les possibles accions que Cristina Fondevila Llevot pugui exercir davant dels titulars de les xarxes socials (per exemple, sol\u00b7licitud d'eliminaci\u00f3 de comentaris inadequats, ofensius o lesius de drets d'altres usuaris).<\/span><\/p><p><span style=\"color: #000000;\">Cristina Fondevila Llevot tindr\u00e0 acc\u00e9s a les dades personals que l'usuari hagi publicat als seus perfils de les xarxes socials, de la mateixa manera que altres usuaris de les xarxes socials puguin tenir acc\u00e9s.<\/span><\/p><p><span style=\"color: #000000;\">Queda prohibida la publicaci\u00f3 del seg\u00fcent contingut al perfil de <span style=\"color: #00318d;\">fisioterapiaenlleida.com<\/span> en xarxes socials, tot aix\u00f2 sense perjudici de les normes de conducta i condicions d\u00fas del servei imposades pels titulars de les diferents xarxes socials:<\/span><\/p><ul><li><span style=\"color: #000000;\">Publicacions que incompleixin la normativa nacional, comunit\u00e0ria i internacional aplicable, o que suposin la realitzaci\u00f3 dactivitats il\u00b7l\u00edcites o que contravinguin els principis de la bona fe.<\/span><\/li><li><span style=\"color: #000000;\">Publicacions que atemptin contra els drets fonamentals i llibertats p\u00fabliques de les persones, faltin a la cortesia a la xarxa, al respecte o al bon nom.<\/span><\/li><\/ul><p><span style=\"color: #000000;\">Aix\u00ed mateix, Cristina Fondevila Llevot es reserva la potestat de retirar de la p\u00e0gina web, o de les xarxes socials, aquells continguts que es considerin inadequats.<\/span><\/p><h3><span style=\"color: #00318d;\"><strong>7.- PROTECCI\u00d3 DE DADES<\/strong><\/span><\/h3><p><span style=\"color: #000000;\">\u00c9s possible que el prestador obtingui dades personals dels usuaris a trav\u00e9s de formularis de contacte, formularis de registre o altres mitjans similars. L'usuari podr\u00e0 obtenir m\u00e9s informaci\u00f3 sobre el tractament de les seves dades personals a la nostra Pol\u00edtica de privadesa, o adre\u00e7ant-se al prestador a trav\u00e9s de les dades de contacte contingudes en el present Av\u00eds legal, i a trav\u00e9s dels formularis de contacte que, si escau, hagin estat habilitats a aquest efecte.<\/span><\/p><h3>\u00a0<\/h3><h3><span style=\"color: #00318d;\"><strong>8.- COOKIES<\/strong><\/span><\/h3><p><span style=\"color: #000000;\">Aquest lloc web utilitza cookies pr\u00f2pies i de tercers. Per con\u00e8ixer m\u00e9s informaci\u00f3 sobre qu\u00e8 s\u00f3n les galetes i per qu\u00e8 les utilitzem, pots accedir a la nostra Pol\u00edtica de galetes.<\/span><\/p><h3><span style=\"color: #00318d;\"><strong>9.- NUL\u00b7LITAT PARCIAL.<\/strong><\/span><\/h3><p><span style=\"color: #000000;\">Si alguna de les condicions del present Av\u00eds legal fos declarada nul\u00b7la o inefica\u00e7 per resoluci\u00f3 ferma dictada per autoritat competent, els restants termes i condicions romandran en vigor, sense que quedin afectats per aquesta declaraci\u00f3 de nul\u00b7litat.<\/span><\/p><h3><span style=\"color: #00318d;\"><strong>10.- LLEI APLICABLE I JURISDICCI\u00d3<\/strong><\/span><\/h3><p><span style=\"color: #000000;\">Per a la resoluci\u00f3 de les controv\u00e8rsies o q\u00fcestions relacionades amb aquestes condicions, \u00e9s aplicable la legislaci\u00f3 espanyola, i \u00e9s competent per al coneixement dels conflictes que puguin sorgir en la interpretaci\u00f3 i l'aplicaci\u00f3 de les presents condicions els jutjats i els tribunals del domicili del prestador.<\/span><\/p>\t\t\t\t\t\t\t\t<\/div>\n\t\t\t\t<\/div>\n\t\t\t\t\t<\/div>\n\t\t\t\t<\/div>\n\t\t\t\t<\/div>","protected":false},"excerpt":{"rendered":"<p>Aviso legal de la p\u00e1gina web fisioterapiaenlleida.c<\/p>","protected":false},"author":1,"featured_media":0,"parent":0,"menu_order":6,"comment_status":"closed","ping_status":"closed","template":"elementor_header_footer","meta":{"footnotes":""},"class_list":["post-623","page","type-page","status-publish","hentry"],"_links":{"self":[{"href":"https:\/\/fisioterapiacf.com\/ca\/wp-json\/wp\/v2\/pages\/623","targetHints":{"allow":["GET"]}}],"collection":[{"href":"https:\/\/fisioterapiacf.com\/ca\/wp-json\/wp\/v2\/pages"}],"about":[{"href":"https:\/\/fisioterapiacf.com\/ca\/wp-json\/wp\/v2\/types\/page"}],"author":[{"embeddable":true,"href":"https:\/\/fisioterapiacf.com\/ca\/wp-json\/wp\/v2\/users\/1"}],"replies":[{"embeddable":true,"href":"https:\/\/fisioterapiacf.com\/ca\/wp-json\/wp\/v2\/comments?post=623"}],"version-history":[{"count":18,"href":"https:\/\/fisioterapiacf.com\/ca\/wp-json\/wp\/v2\/pages\/623\/revisions"}],"predecessor-version":[{"id":1226,"href":"https:\/\/fisioterapiacf.com\/ca\/wp-json\/wp\/v2\/pages\/623\/revisions\/1226"}],"wp:attachment":[{"href":"https:\/\/fisioterapiacf.com\/ca\/wp-json\/wp\/v2\/media?parent=623"}],"curies":[{"name":"wp","href":"https:\/\/api.w.org\/{rel}","templated":true}]}}