{"id":638,"date":"2024-02-06T11:00:38","date_gmt":"2024-02-06T11:00:38","guid":{"rendered":"https:\/\/fisioterapiacf.com\/?page_id=638"},"modified":"2026-04-26T16:14:55","modified_gmt":"2026-04-26T16:14:55","slug":"politica-de-privacidad","status":"publish","type":"page","link":"https:\/\/fisioterapiacf.com\/ca\/politica-de-privacidad\/","title":{"rendered":"Pol\u00edtica de privacitat"},"content":{"rendered":"<div data-elementor-type=\"wp-page\" data-elementor-id=\"638\" class=\"elementor elementor-638\" data-elementor-post-type=\"page\">\n\t\t\t\t\t\t<section class=\"elementor-section elementor-top-section elementor-element elementor-element-70b89cc0 elementor-section-full_width elementor-section-height-min-height elementor-section-height-default elementor-section-items-middle\" data-id=\"70b89cc0\" data-element_type=\"section\" data-e-type=\"section\" data-settings=\"{&quot;background_background&quot;:&quot;gradient&quot;}\">\n\t\t\t\t\t\t<div class=\"elementor-container elementor-column-gap-default\">\n\t\t\t\t\t<div class=\"elementor-column elementor-col-100 elementor-top-column elementor-element elementor-element-4efe442a elementor-invisible\" data-id=\"4efe442a\" data-element_type=\"column\" data-e-type=\"column\" data-settings=\"{&quot;background_background&quot;:&quot;classic&quot;,&quot;animation&quot;:&quot;fadeInUp&quot;}\">\n\t\t\t<div class=\"elementor-widget-wrap elementor-element-populated\">\n\t\t\t\t\t\t<div class=\"elementor-element elementor-element-21374bbd elementor-widget elementor-widget-heading\" data-id=\"21374bbd\" data-element_type=\"widget\" data-e-type=\"widget\" data-widget_type=\"heading.default\">\n\t\t\t\t<div class=\"elementor-widget-container\">\n\t\t\t\t\t<h1 class=\"elementor-heading-title elementor-size-default\">Pol\u00edtica de privacitat<\/h1>\t\t\t\t<\/div>\n\t\t\t\t<\/div>\n\t\t\t\t\t<\/div>\n\t\t<\/div>\n\t\t\t\t\t<\/div>\n\t\t<\/section>\n\t\t<div class=\"elementor-element elementor-element-4095135 e-flex e-con-boxed e-con e-parent\" data-id=\"4095135\" data-element_type=\"container\" data-e-type=\"container\">\n\t\t\t\t\t<div class=\"e-con-inner\">\n\t\t\t\t<div class=\"elementor-element elementor-element-395b8c8 elementor-widget elementor-widget-text-editor\" data-id=\"395b8c8\" data-element_type=\"widget\" data-e-type=\"widget\" data-widget_type=\"text-editor.default\">\n\t\t\t\t<div class=\"elementor-widget-container\">\n\t\t\t\t\t\t\t\t\t<h2 style=\"text-align: center;\"><span style=\"color: #00318d;\"><strong>Identitat del responsable del tractament de les vostres dades personals<\/strong><\/span><\/h2><ul><li><span style=\"color: #000000;\"><strong><span style=\"color: #00318d;\"> Responsable del tractament:<\/span>\u00a0Cristina Fondevila Llevot<\/strong><\/span><\/li><li><span style=\"color: #000000;\"><strong><span style=\"color: #00318d;\"> Domicili:<\/span> C\/ Ramon i Cajal 4 Altell 2 25003 Lleida<\/strong><\/span><\/li><li><span style=\"color: #000000;\"><strong><span style=\"color: #00318d;\"> Correu electr\u00f2nic:<\/span> <\/strong>cristina.fondevila@gmail.com<\/span><\/li><\/ul><h3 style=\"text-align: center;\">\u00a0<\/h3><h3 style=\"text-align: center;\"><span style=\"color: #00318d;\"><strong>FINALITATS DEL TRACTAMENT DE LES SEVES DADES PERSONALS<\/strong><\/span><\/h3><p><span style=\"color: #000000;\">Les vostres dades personals s'utilitzaran amb la finalitat gen\u00e8rica de gesti\u00f3 i control de la relaci\u00f3 comercial establerta entre l'usuari i el responsable del tractament, i espec\u00edficament per a:<\/span><\/p><ul><li><span style=\"color: #000000;\">Gestionar l'acc\u00e9s complet i la utilitzaci\u00f3 correcta dels serveis i productes per part dels usuaris.<\/span><\/li><\/ul><ul><li><span style=\"color: #000000;\">Per comunicar-se amb els usuaris en resposta a incid\u00e8ncies, sol\u00b7licituds, comentaris i preguntes que ens faci a trav\u00e9s dels serveis i\/o productes, aix\u00ed com als formularis de contacte de la nostra p\u00e0gina web (inclosos correus electr\u00f2nics i\/o les trucades telef\u00f2niques) .<\/span><\/li><li><span style=\"color: #000000;\">Per proporcionar, actualitzar, mantenir i protegir els serveis i\/o productes i activitats.<\/span><\/li><li><span style=\"color: #000000;\">Per oferir nous serveis i\/o productes, ofertes especials o actualitzacions.<\/span><\/li><li><span style=\"color: #000000;\">Si escau, gestionar processos de selecci\u00f3 de personal en processos selectius de treballadors i\/o col\u00b7laboradors.<\/span><\/li><li><span style=\"color: #000000;\">Comunicacions: Podrem enviar-vos correus electr\u00f2nics, missatges i altres tipus de comunicaci\u00f3 en refer\u00e8ncia als serveis i\/o productes, q\u00fcestions t\u00e8cniques i canvis en aquests. Aquestes comunicacions es consideren part dels serveis i\/o productes i no hi pot renunciar.<\/span><\/li><li><span style=\"color: #000000;\">Si escau, comunicacions comercials (m\u00e0rqueting): Podrem utilitzar les vostres dades personals per contactar-vos, tant per via electr\u00f2nica com no electr\u00f2nica, per realitzar enquestes, obtenir la vostra opini\u00f3 sobre el servei prestat, i, ocasionalment, per notificar-vos canvis, desenvolupaments importants dels serveis i\/o productes, ofertes i\/o promocions dels nostres serveis i\/o productes o de terceres empreses relacionades amb nosaltres. Aquestes ofertes comercials seran, en tot cas, autoritzades de forma expressa i separada per l'usuari que, pot revocar en qualsevol moment el seu consentiment a rebre aquestes notificacions utilitzant el mecanisme implementat a aquest efecte, o b\u00e9, des de les prefer\u00e8ncies del compte de client.<\/span><\/li><\/ul><p><span style=\"color: #000000;\">No tractarem les vostres dades personals per a cap altra finalitat m\u00e9s enll\u00e0 de les descrites anteriorment, llevat que vingui imposat per llei o hi hagi algun requeriment judicial i\/o administratiu que impliqui un tractament de dades amb finalitats diferents de les exposades.<\/span><\/p><h3 style=\"text-align: center;\"><span style=\"color: #00318d;\"><strong>TERMINI DE CONSERVACI\u00d3<\/strong><\/span><\/h3><p><span style=\"color: #000000;\">Les dades personals proporcionades es conservaran i tractaran mentre es mantingui la relaci\u00f3 de prestaci\u00f3 de serveis i\/o productes, sense perjudici de la possibilitat d'exercitar els seus drets en mat\u00e8ria de protecci\u00f3 de dades (acc\u00e9s, rectificaci\u00f3, supressi\u00f3, oposici\u00f3, limitaci\u00f3, portabilitat i no ser objecte de decisions individuals automatitzades).<\/span><\/p><p><span style=\"color: #000000;\">Les dades personals de les persones interessades en la recepci\u00f3 d'informaci\u00f3 sobre els serveis i\/o productes es mantindran al sistema de forma indefinida mentre l'interessat no sol\u00b7licite la supressi\u00f3.<\/span><\/p><h3>\u00a0<\/h3><h3 style=\"text-align: center;\"><span style=\"color: #00318d;\"><strong>LEGITIMACI\u00d3 DEL TRACTAMENT<\/strong><\/span><\/h3><p><span style=\"color: #000000;\">Cristina Fondevila Llevot tracta les seves dades personals d'acord amb les dues bases legals seg\u00fcents: <span style=\"color: #00318d;\">Consentiment de l'interessat (1)<\/span> i<span style=\"color: #00318d;\"> l'inter\u00e8s leg\u00edtim (2)<\/span>.<\/span><\/p><ol><li><span style=\"color: #000000;\"><strong><span style=\"color: #00318d;\">El consentiment de linteressat<\/span><\/strong> prestat per a les finalitats anteriorment descrites, que se sol\u00b7licitar\u00e0:<\/span><\/li><\/ol><ul><li><span style=\"color: #000000;\">Abans de procedir a tractar les vostres dades,<\/span><\/li><li><span style=\"color: #000000;\">En el proc\u00e9s de registre com a client o,<\/span><\/li><li><span style=\"color: #000000;\">A l'hora d'enviar comunicacions de Cristina Fondevila Llevot<\/span><\/li><\/ul><p><span style=\"color: #000000;\">Les sol\u00b7licituds d'informaci\u00f3 que ens faci arribar requereixen que l'interessat ens faciliti de forma volunt\u00e0ria les dades necess\u00e0ries per poder atendre-us o prestar-li els serveis i\/o productes. No obstant aix\u00f2, l'interessat pot negar-se lliurement a facilitar-nos aquestes dades o, posteriorment, revocar el consentiment pr\u00e8viament atorgat per tractar les seves dades, si b\u00e9 aquesta negativa implicar\u00e0 la impossibilitat que puguem atendre la seva petici\u00f3.<\/span><\/p><ol start=\"2\"><li><span style=\"color: #000000;\"><strong><span style=\"color: #00318d;\">L'inter\u00e8s leg\u00edtim<\/span><\/strong> de Cristina Fondevila Llevot a mantenir i fidelitzar els seus clients i\/o usuaris i atendre millor les seves expectatives o interessos pr\u00e8viament manifestats, per exemple: millorar els productes i\/o serveis oferts, gestionar sol\u00b7licituds, consultes o reclamacions, oferir productes similars als contractats , informar sobre promocions i descomptes vigents, entre d'altres. Tot all\u00f2 indicat anteriorment s'entendr\u00e0 sense perjudici del compliment per part de Cristina Fondevila Llevot de la resta d'obligacions relatives a l'enviament de comunicacions comercials per via electr\u00f2nica.<\/span><\/li><\/ol><p><span style=\"color: #000000;\">Cristina Fondevila Llevot ent\u00e9n que, en facilitar-nos les vostres dades personals, l'interessat garanteix i es fa responsable de la veracitat, actualitat i exactitud dels mateixos, i que accepta i consent expressament en el seu tractament per a les finalitats abans descrites.<\/span><\/p><h3 style=\"text-align: center;\"><span style=\"color: #00318d;\"><strong>DESTINATARIS DE CESSIONS O TRANSFER\u00c8NCIES INTERNACIONALS.<\/strong><\/span><\/h3><p><span style=\"color: #000000;\">Amb car\u00e0cter general, Cristina Fondevila Llevot no cedir\u00e0 les vostres dades personals a tercers llevat que hi estiguem obligats legalment o vost\u00e8 ens ho hagi autoritzat expressament en fer \u00fas dels nostres serveis i\/o productes.<\/span><\/p><p><span style=\"color: #000000;\">Cristina Fondevila Llevot \u00a0no realitzar\u00e0 transfer\u00e8ncies internacionals de les dades personals demanades a trav\u00e9s d'aquest lloc web, a excepci\u00f3 dels sup\u00f2sits seg\u00fcents:\u00a0<\/span><\/p><ul><li><span style=\"color: #000000;\">Que la transfer\u00e8ncia internacional de dades sigui necess\u00e0ria per a lexecuci\u00f3 dun contracte o mesures precontractuals en qu\u00e8 linteressat sigui part.\u00a0<\/span><\/li><li><span style=\"color: #000000;\">Que la transfer\u00e8ncia internacional de dades sigui necess\u00e0ria per aplicaci\u00f3 de la legislaci\u00f3 vigent.\u00a0<\/span><\/li><li><span style=\"color: #000000;\">Que la transfer\u00e8ncia internacional de dades tingui lloc per mitj\u00e0 de consentiment expr\u00e9s de linteressat.\u00a0<\/span><\/li><li><span style=\"color: #000000;\">Que la transfer\u00e8ncia internacional de dades tingui lloc per trobar-se allotjada la p\u00e0gina web a servidors ubicats fora de l'Espai Econ\u00f2mic Europeu.\u00a0<\/span><\/li><\/ul><p><span style=\"color: #000000;\">En tot cas, en els sup\u00f2sits en qu\u00e8 pugui tenir lloc transfer\u00e8ncies internacionals de dades, Cristina Fondevila Llevot comprovar\u00e0 que el pa\u00eds importador de dades garanteixi un nivell adequat de protecci\u00f3 en aplicaci\u00f3 de la normativa vigent.\u00a0<\/span><\/p><h3 style=\"text-align: center;\"><span style=\"color: #00318d;\"><strong>DRETS DE LES PERSONES INTERESSADES.<\/strong><\/span><\/h3><p><span style=\"color: #000000;\">La normativa de protecci\u00f3 de dades permet que puguis exercir davant del responsable del tractament els teus drets d'acc\u00e9s, rectificaci\u00f3, oposici\u00f3, supressi\u00f3 (dret a l'oblit), limitaci\u00f3 del tractament, portabilitat i de no ser objecte de decisions individualitzades. A continuaci\u00f3, us expliquem en qu\u00e8 consisteixen aquests drets:<\/span><\/p><ul><li><span style=\"color: #000000;\"><strong><span style=\"color: #00318d;\">Dret d'acc\u00e9s:<\/span><\/strong> Permet a l'interessat con\u00e8ixer i obtenir informaci\u00f3 sobre les dades de car\u00e0cter personal sotmeses a tractament.<\/span><\/li><li><span style=\"color: #000000;\"><strong><span style=\"color: #00318d;\">Dret de rectificaci\u00f3:<\/span><\/strong> Permet corregir errors, modificar les dades que resultin ser inexactes o incompletes i garantir la certesa de les vostres dades personals.<\/span><\/li><li><span style=\"color: #000000;\"><strong><span style=\"color: #00318d;\">Dret de supressi\u00f3:<\/span><\/strong> Permet sol\u00b7licitar l'eliminaci\u00f3 de les vostres dades personals quan ja no siguin necess\u00e0ries per a l'execuci\u00f3 o prestaci\u00f3 del servei.<\/span><\/li><li><span style=\"color: #000000;\"><strong><span style=\"color: #00318d;\">Dret d'oposici\u00f3:<\/span><\/strong> Permet a l'interessat que no es dugui a terme el tractament de les seves dades de car\u00e0cter personal o el seu cessament, excepte motius leg\u00edtims o per a l'exercici o defensa de possibles reclamacions, cas en qu\u00e8 els mantindrem bloquejats durant el termini corresponent.<\/span><\/li><li><span style=\"color: #000000;\"><strong><span style=\"color: #00318d;\">Dret d'oposici\u00f3 a l'enviament de publicitat:<\/span><\/strong> Els interessats es poden oposar a l'enviament de comunicacions comercials. En aquest cas podeu revocar en qualsevol moment el vostre consentiment a rebre aquestes notificacions.<\/span><\/li><li><span style=\"color: #000000;\"><strong><span style=\"color: #00318d;\">Limitaci\u00f3 del tractament:<\/span><\/strong> En determinades circumst\u00e0ncies, els interessats podran sol\u00b7licitar la limitaci\u00f3 del tractament de les seves dades, cas en qu\u00e8 \u00fanicament es conservaran per a l'exercici o defensa de reclamacions.<\/span><\/li><li><span style=\"color: #000000;\"><span style=\"color: #00318d;\"><strong>Portabilitat de les dades:<\/strong> <\/span>Les persones interessades poden sol\u00b7licitar rebre les dades que li incumbeixin i que ens hagi facilitat o que \u2013sempre que t\u00e8cnicament sigui possible\u2013 els enviem a un altre responsable de tractament de la seva elecci\u00f3, en un format estructurat d'\u00fas com\u00fa i lectura mec\u00e0nica.<\/span><\/li><li><span style=\"color: #000000;\"><strong><span style=\"color: #00318d;\">Dret a no ser objecte de decisions individuals automatitzades (inclosa l'elaboraci\u00f3 de perfils):<\/span><\/strong> Les persones interessades tenen dret a no \u00e9sser objecte d'una decisi\u00f3 basada en el tractament automatitzat que produeixi efectes jur\u00eddics o afecti significativament l'interessat.<\/span><\/li><li><span style=\"color: #000000;\"><strong><span style=\"color: #00318d;\">Possibilitat de retirar el consentiment:<\/span><\/strong> L'interessat t\u00e9 dret a retirar en qualsevol moment el consentiment prestat, sense que aix\u00f2 afecti la licitud del tractament basat en el consentiment prestat en el moment de facilitar-nos les dades.<\/span><\/li><\/ul><p><span style=\"color: #000000;\">Si voleu exercir algun dels drets exposats, preguem que es posi en contacte amb nosaltres a trav\u00e9s de les dades de contacte que apareixen a <strong><span style=\"color: #00318d;\">\u201cIdentificaci\u00f3 del responsable del tractament de les dades personals<\/span><\/strong>\u201d, en qu\u00e8 inclogui la informaci\u00f3 seg\u00fcent: Nom i cognoms, n\u00famero de DNI, adre\u00e7a postal i\/o electr\u00f2nica de contacte, indicant el tipus de dret i especificant-ne les condicions. \u00c9s possible que us demanem informaci\u00f3 addicional amb la finalitat de verificar la vostra identitat.<\/span><\/p><p><span style=\"color: #000000;\">Possibilitat de reclamar davant l'Autoritat de Control: Cristina Fondevila Llevot \u00a0l'informa igualment del dret que us assisteix de presentar una reclamaci\u00f3 davant l'Ag\u00e8ncia Espanyola de Protecci\u00f3 de Dades (www.agpd.es) si considera que el tractament no s'ajusta a la normativa vigent.<\/span><\/p><h3 style=\"text-align: center;\">\u00a0<\/h3><h3 style=\"text-align: center;\"><span style=\"color: #00318d;\"><strong>INFORMACI\u00d3 ADDICIONAL<\/strong><\/span><\/h3><p><span style=\"color: #00318d;\"><strong>Menors<\/strong><\/span><\/p><p><span style=\"color: #000000;\">Cristina Fondevila Llevot recomana utilitzar aquesta p\u00e0gina web a majors de 18 anys. Si hi accedeixen menors de 14 anys, caldr\u00e0 el consentiment dels pares, tutors o representants legals del menor per poder realitzar-se el tractament de les seves dades personals. Els pares, tutors o representants legals del menor seran els \u00fanics responsables en relaci\u00f3 amb els continguts als quals el menor poguessin tenir acc\u00e9s en visitar la nostra p\u00e0gina web.<\/span><\/p><p><span style=\"color: #00318d;\"><strong>Xarxes socials<\/strong><\/span><\/p><p><span style=\"color: #000000;\">\u00c9s possible que Cristina Fondevila Llevot \u00a0disposi de perfils a les diferents xarxes socials. Tamb\u00e9 \u00e9s possible que l'usuari pugui accedir als espais privats que poguessin existir en aquesta p\u00e0gina web a trav\u00e9s dels seus comptes a les xarxes socials, en lloc d'accedir amb un usuari i contrasenya. En aquests sup\u00f2sits, informa als usuaris que proporcionin les seves dades personals amb la informaci\u00f3 disponible a trav\u00e9s del seu compte i\/o perfil d'usuari a les xarxes socials, que \u00e9s la responsable del tractament dels tractaments de dades que es realitzin, llevat que s'informi expressament d'altres condicions en un tractament concret.<\/span><\/p><h3 style=\"text-align: center;\"><span style=\"color: #00318d;\"><strong>Conservaci\u00f3 de determinades dades<\/strong><\/span><\/h3><p><span style=\"color: #000000;\">Cristina Fondevila Llevot informa que, en compliment de les disposicions de la Llei 25\/2007, de 18 d'octubre, de conservaci\u00f3 de dades relatives a les comunicacions electr\u00f2niques ia les xarxes p\u00fabliques de comunicacions, haur\u00e0 de retenir i conservar determinades dades de tr\u00e0nsit generades durant el desenvolupament de les comunicacions amb la finalitat de cedir-los a les autoritats legitimades, quan hi concorrin les circumst\u00e0ncies legals previstes.<\/span><\/p><p><span style=\"color: #00318d;\"><strong>Dades registrades<\/strong><\/span><\/p><p><span style=\"color: #000000;\">Els nostres servidors recopilen informaci\u00f3 autom\u00e0ticament quan l'usuari utilitza els serveis de les webs. Aquestes dades de registre poden incloure l'adre\u00e7a IP, la identificaci\u00f3 del dispositiu des del qual s'accedeix als productes, el sistema operatiu i la configuraci\u00f3 del dispositiu, entre d'altres.<\/span><\/p><p><span style=\"color: #00318d;\"><strong>Mesures de seguretat<\/strong><\/span><\/p><p><span style=\"color: #000000;\">A m\u00e9s, se us informa que el titular del lloc web (responsable del tractament) t\u00e9 implantades les mesures de seguretat d'\u00edndole t\u00e8cnica i organitzatives necess\u00e0ries per garantir la seguretat de les vostres dades de car\u00e0cter personal i evitar la seva alteraci\u00f3, p\u00e8rdua i tractament i\/o acc\u00e9s no autoritzat, tenint en compte l'estat de la tecnologia, la naturalesa de les dades emmagatzemades i els riscos a qu\u00e8 estan exposats, ja provinguin de l'acci\u00f3 humana o del medi f\u00edsic o natural. Aix\u00ed mateix, s'han establert mesures addicionals amb vista a refor\u00e7ar la confidencialitat i integritat de la informaci\u00f3 a la seva organitzaci\u00f3, mantenint cont\u00ednuament la supervisi\u00f3, control i avaluaci\u00f3 dels processos per assegurar el respecte a la privadesa de les dades.<\/span><\/p><p><span style=\"color: #00318d;\"><strong>Cookies<\/strong><\/span><\/p><p><span style=\"color: #000000;\">La nostra p\u00e0gina web utilitza cookies pr\u00f2pies i de tercers. Podr\u00e0s trobar tota la informaci\u00f3 detallada relativa a les cookies a la nostra <a style=\"color: #000000;\" href=\"https:\/\/fisioterapiacf.com\/ca\/politica-de-cookies\/\"><span style=\"color: #00318d;\"><strong>Pol\u00edtica de cookies.<\/strong><\/span><\/a><\/span><\/p><p><span style=\"color: #000000;\"><strong><span style=\"color: #00318d;\">Google Analytics<\/span>:<\/strong><\/span><\/p><p><span style=\"color: #000000;\">Google Analytics \u00e9s un servei anal\u00edtic de web prestat per Google, Inc., una companyia de Delaware que t\u00e9 com a oficina principal el 1600 Amphitheatre Parkway, Mountain View (Calif\u00f2rnia), CA 94043, Estats Units (\u201cGoogle\u201d).<\/span><\/p><p><span style=\"color: #000000;\">Google Analytics utilitza \u201ccookies\u201d, que s\u00f3n arxius de text ubicats al vostre ordinador, per ajudar el website a analitzar l'\u00fas que fan els usuaris del lloc web.<\/span><\/p><p><span style=\"color: #000000;\">La informaci\u00f3 que genera la galeta sobre el teu \u00fas del website (incloent la teva adre\u00e7a IP) ser\u00e0 directament transmesa i arxivada per Google. Google utilitzar\u00e0 aquesta informaci\u00f3 per compte nostre amb el prop\u00f2sit de seguir la pista del vostre \u00fas del website, recopilant informes de l'activitat del website i prestant altres serveis relacionats amb l'activitat del website i l'\u00fas d'Internet.<\/span><\/p><p><span style=\"color: #000000;\">Google podr\u00e0 transmetre aquesta informaci\u00f3 a tercers quan aix\u00ed ho requereixi la legislaci\u00f3, o quan aquests tercers processin la informaci\u00f3 per compte de Google. Google no associar\u00e0 la vostra adre\u00e7a IP amb cap altra dada de qu\u00e8 disposeu.<\/span><\/p><p><span style=\"color: #000000;\">Com a usuari, i en exercici dels teus drets, pots rebutjar el tractament de les dades o la informaci\u00f3 rebutjant l'\u00fas de cookies mitjan\u00e7ant la selecci\u00f3 de la configuraci\u00f3 apropiada del teu navegador, per\u00f2, has de saber que si ho fa pot ser que no puguis fer servir la plena funcionabilitat daquest lloc web.<\/span><\/p><p><span style=\"color: #000000;\">En utilitzar aquesta web, d'acord amb la informaci\u00f3 facilitada en aquesta Pol\u00edtica de Privadesa, acceptes el tractament de dades per part de Google en la forma i per als fins indicats.\u00a0<\/span><\/p><p><span style=\"color: #00318d;\"><strong>Google Adsense:<\/strong><\/span><\/p><p><span style=\"color: #000000;\">Google, com a prove\u00efdor associat, utilitza galetes per publicar anuncis en aquest lloc web. Podeu inhabilitar l'\u00fas de la galeta de DART mitjan\u00e7ant l'anunci de Google i accedint a la pol\u00edtica de privadesa de la xarxa de contingut.<\/span><\/p><p><span style=\"color: #000000;\">Google utilitza empreses publicit\u00e0ries associades per publicar anuncis quan visiteu el nostre lloc web. \u00c9s possible que aquestes empreses usin la informaci\u00f3 que obtenen de les vostres visites a aquest i altres llocs web (sense incloure el vostre nom, adre\u00e7a, adre\u00e7a de correu electr\u00f2nic o n\u00famero de tel\u00e8fon) per oferir-vos anuncis sobre productes i serveis que us resultin d'inter\u00e8s.\u00a0\u00a0<\/span><\/p><p><span style=\"color: #000000;\">En utilitzar aquesta web, consenteixes el tractament de dades per part de Google en la forma i per als fins indicats.<\/span><\/p><p><span style=\"color: #000000;\">Si voleu saber m\u00e9s sobre l'\u00fas de cookies i les pr\u00e0ctiques de recopilaci\u00f3 d'informaci\u00f3 i els procediments d'acceptaci\u00f3 o rebuig, consulteu la nostra <strong><span style=\"color: #00318d;\"><a style=\"color: #00318d;\" href=\"https:\/\/fisioterapiacf.com\/ca\/politica-de-cookies\/\">Pol\u00edtica de cookies<\/a><\/span><\/strong>.<br \/><\/span><\/p><h3>\u00a0<\/h3><h3><span style=\"color: #00318d;\"><strong>MESURES DE SEGURETAT<\/strong><\/span><\/h3><p><span style=\"color: #000000;\">Com a titular de la web, Cristina Fondevila Llevot ha adoptat totes les mesures t\u00e8cniques i d'organitzaci\u00f3 necess\u00e0ria per garantir la seguretat i la integritat de les dades de car\u00e0cter personal que tracti, aix\u00ed com per evitar la seva p\u00e8rdua, alteraci\u00f3 i\/o acc\u00e9s per part de tercers no autoritzats.\u00a0<\/span><\/p><p><span style=\"color: #000000;\">Et recordem que, per a m\u00e9s informaci\u00f3, pots consultar les nostres p\u00e0gines de\u00a0<span style=\"color: #00318d;\"><strong><a style=\"color: #00318d;\" href=\"https:\/\/fisioterapiacf.com\/ca\/aviso-legal\/\">Av\u00eds Legal<\/a><\/strong><\/span>\u00a0i\u00a0<span style=\"color: #00318d;\"><strong><a style=\"color: #00318d;\" href=\"https:\/\/fisioterapiacf.com\/ca\/politica-de-cookies\/\">Pol\u00edtica de Cookies<\/a><\/strong><\/span>.<\/span><\/p>\t\t\t\t\t\t\t\t<\/div>\n\t\t\t\t<\/div>\n\t\t\t\t\t<\/div>\n\t\t\t\t<\/div>\n\t\t\t\t<\/div>","protected":false},"excerpt":{"rendered":"<p>Pol\u00edtica de privacidad de la web fisioterapiaenlleida.com.<\/p>","protected":false},"author":1,"featured_media":0,"parent":0,"menu_order":8,"comment_status":"closed","ping_status":"closed","template":"elementor_header_footer","meta":{"footnotes":""},"class_list":["post-638","page","type-page","status-publish","hentry"],"_links":{"self":[{"href":"https:\/\/fisioterapiacf.com\/ca\/wp-json\/wp\/v2\/pages\/638","targetHints":{"allow":["GET"]}}],"collection":[{"href":"https:\/\/fisioterapiacf.com\/ca\/wp-json\/wp\/v2\/pages"}],"about":[{"href":"https:\/\/fisioterapiacf.com\/ca\/wp-json\/wp\/v2\/types\/page"}],"author":[{"embeddable":true,"href":"https:\/\/fisioterapiacf.com\/ca\/wp-json\/wp\/v2\/users\/1"}],"replies":[{"embeddable":true,"href":"https:\/\/fisioterapiacf.com\/ca\/wp-json\/wp\/v2\/comments?post=638"}],"version-history":[{"count":28,"href":"https:\/\/fisioterapiacf.com\/ca\/wp-json\/wp\/v2\/pages\/638\/revisions"}],"predecessor-version":[{"id":1236,"href":"https:\/\/fisioterapiacf.com\/ca\/wp-json\/wp\/v2\/pages\/638\/revisions\/1236"}],"wp:attachment":[{"href":"https:\/\/fisioterapiacf.com\/ca\/wp-json\/wp\/v2\/media?parent=638"}],"curies":[{"name":"wp","href":"https:\/\/api.w.org\/{rel}","templated":true}]}}